{"id":6021,"date":"2021-07-20T17:56:30","date_gmt":"2021-07-20T15:56:30","guid":{"rendered":"https:\/\/lgtravel.se\/?post_type=resor&#038;p=6021"},"modified":"2024-05-14T10:46:28","modified_gmt":"2024-05-14T08:46:28","slug":"vastra-ukraina","status":"publish","type":"resor","link":"https:\/\/lgtravel.se\/ru\/resor\/vastra-ukraina\/","title":{"rendered":"Fr\u00e5n gyllene Kiev till Karpaterna \u2013 en resa genom v\u00e4stra Ukraina"},"content":{"rendered":"\n<h2 class=\"wp-block-heading\" id=\"ukraina-fangslar-med-hanforande-natur-i-karpaterna-nagra-av-europas-mest-valbevarade-medeltidsstader-och-en-bade-intressant-och-kuslig-historia-folj-med-och-mot-varen-nagra-veckor-innan-den-nar-sverige\">Ukraina f\u00e4ngslar med h\u00e4nf\u00f6rande natur i Karpaterna, n\u00e5gra av Europas mest v\u00e4lbevarade medeltidsst\u00e4der och en b\u00e5de intressant och kuslig historia. F\u00f6lj med och m\u00f6t v\u00e5ren n\u00e5gra veckor innan den n\u00e5r Sverige.<\/h2>\n\n\n\n<h3 class=\"wp-block-heading\" id=\"kiev-kamjanets-podilskyj-tatariv-och-lvivukraina23-april-1-maj-2021\">Kiev, Kamjanets-Podilskyj, Tatariv och Lviv<br>Ukraina<br>N\u00e4sta planerade avg\u00e5ng: s\u00e5 snart det \u00e4r m\u00f6jligt att resa till Ukraina<\/h3>\n\n\n\r\n            \r\n            \r\n            \r\n            <a name='map39'><\/a>\r\n            \r\n            \r\n            \r\n            \r\n            <div class=\"wpgmza_map \"  id=\"wpgmza_map_39\" style=\"display:block; overflow:auto; width:100%; height:400px; float:left;\" data-settings=\"{&quot;id&quot;:&quot;39&quot;,&quot;map_title&quot;:&quot;V\\u00e4stra Ukraina&quot;,&quot;map_width&quot;:&quot;100&quot;,&quot;map_height&quot;:&quot;400&quot;,&quot;map_start_lat&quot;:&quot;49.469838&quot;,&quot;map_start_lng&quot;:&quot;26.512627&quot;,&quot;map_start_location&quot;:&quot;49.4698375864288,26.512627156249994&quot;,&quot;map_start_zoom&quot;:&quot;6&quot;,&quot;default_marker&quot;:&quot;&quot;,&quot;type&quot;:&quot;1&quot;,&quot;alignment&quot;:&quot;2&quot;,&quot;directions_enabled&quot;:&quot;1&quot;,&quot;styling_enabled&quot;:&quot;0&quot;,&quot;styling_json&quot;:&quot;&quot;,&quot;active&quot;:&quot;0&quot;,&quot;kml&quot;:&quot;&quot;,&quot;bicycle&quot;:&quot;0&quot;,&quot;traffic&quot;:&quot;0&quot;,&quot;dbox&quot;:&quot;1&quot;,&quot;dbox_width&quot;:&quot;100&quot;,&quot;listmarkers&quot;:&quot;0&quot;,&quot;listmarkers_advanced&quot;:&quot;0&quot;,&quot;filterbycat&quot;:&quot;0&quot;,&quot;ugm_enabled&quot;:&quot;0&quot;,&quot;ugm_category_enabled&quot;:&quot;0&quot;,&quot;fusion&quot;:&quot;&quot;,&quot;map_width_type&quot;:&quot;\\\\%&quot;,&quot;map_height_type&quot;:&quot;px&quot;,&quot;mass_marker_support&quot;:&quot;0&quot;,&quot;ugm_access&quot;:&quot;0&quot;,&quot;order_markers_by&quot;:&quot;1&quot;,&quot;order_markers_choice&quot;:&quot;2&quot;,&quot;show_user_location&quot;:&quot;2&quot;,&quot;default_to&quot;:&quot;&quot;,&quot;other_settings&quot;:{&quot;store_locator_style&quot;:&quot;legacy&quot;,&quot;wpgmza_store_locator_radius_style&quot;:&quot;legacy&quot;,&quot;directions_box_style&quot;:&quot;modern&quot;,&quot;show_distance_from_location&quot;:0,&quot;map_max_zoom&quot;:&quot;3&quot;,&quot;map_min_zoom&quot;:&quot;21&quot;,&quot;sl_stroke_color&quot;:&quot;&quot;,&quot;sl_stroke_opacity&quot;:&quot;&quot;,&quot;sl_fill_color&quot;:&quot;&quot;,&quot;sl_fill_opacity&quot;:&quot;&quot;,&quot;jump_to_nearest_marker_on_initialization&quot;:0,&quot;automatically_pan_to_users_location&quot;:0,&quot;override_users_location_zoom_level&quot;:0,&quot;click_open_link&quot;:2,&quot;hide_point_of_interest&quot;:false,&quot;fit_maps_bounds_to_markers&quot;:false,&quot;fit_maps_bounds_to_markers_after_filtering&quot;:false,&quot;wpgmza_auto_night&quot;:0,&quot;transport_layer&quot;:0,&quot;polygon_labels&quot;:false,&quot;enable_marker_ratings&quot;:false,&quot;iw_primary_color&quot;:&quot;2A3744&quot;,&quot;iw_accent_color&quot;:&quot;252F3A&quot;,&quot;iw_text_color&quot;:&quot;FFFFFF&quot;,&quot;wpgmza_iw_type&quot;:&quot;0&quot;,&quot;list_markers_by&quot;:&quot;0&quot;,&quot;push_in_map&quot;:&quot;&quot;,&quot;push_in_map_placement&quot;:&quot;9&quot;,&quot;wpgmza_push_in_map_width&quot;:&quot;&quot;,&quot;wpgmza_push_in_map_height&quot;:&quot;&quot;,&quot;wpgmza_theme_data&quot;:&quot;[{\\&quot;featureType\\&quot;: \\&quot;administrative.locality\\&quot;, \\&quot;elementType\\&quot;: \\&quot;all\\&quot;, \\&quot;stylers\\&quot;: [{\\&quot;hue\\&quot;: \\&quot;#2c2e33\\&quot;}, {\\&quot;saturation\\&quot;: 7}, {\\&quot;lightness\\&quot;: 19}, {\\&quot;visibility\\&quot;: \\&quot;on\\&quot;}]}, {\\&quot;featureType\\&quot;: \\&quot;landscape\\&quot;, \\&quot;elementType\\&quot;: \\&quot;all\\&quot;, \\&quot;stylers\\&quot;: [{\\&quot;hue\\&quot;: \\&quot;#ffffff\\&quot;}, {\\&quot;saturation\\&quot;: -100}, {\\&quot;lightness\\&quot;: 100}, {\\&quot;visibility\\&quot;: \\&quot;simplified\\&quot;}]}, {\\&quot;featureType\\&quot;: \\&quot;poi\\&quot;, \\&quot;elementType\\&quot;: \\&quot;all\\&quot;, \\&quot;stylers\\&quot;: [{\\&quot;hue\\&quot;: \\&quot;#ffffff\\&quot;}, {\\&quot;saturation\\&quot;: -100}, {\\&quot;lightness\\&quot;: 100}, {\\&quot;visibility\\&quot;: \\&quot;off\\&quot;}]}, {\\&quot;featureType\\&quot;: \\&quot;road\\&quot;, \\&quot;elementType\\&quot;: \\&quot;geometry\\&quot;, \\&quot;stylers\\&quot;: [{\\&quot;hue\\&quot;: \\&quot;#bbc0c4\\&quot;}, {\\&quot;saturation\\&quot;: -93}, {\\&quot;lightness\\&quot;: 31}, {\\&quot;visibility\\&quot;: \\&quot;simplified\\&quot;}]}, {\\&quot;featureType\\&quot;: \\&quot;road\\&quot;, \\&quot;elementType\\&quot;: \\&quot;labels\\&quot;, \\&quot;stylers\\&quot;: [{\\&quot;hue\\&quot;: \\&quot;#bbc0c4\\&quot;}, {\\&quot;saturation\\&quot;: -93}, {\\&quot;lightness\\&quot;: 31}, {\\&quot;visibility\\&quot;: \\&quot;on\\&quot;}]}, {\\&quot;featureType\\&quot;: \\&quot;road.arterial\\&quot;, \\&quot;elementType\\&quot;: \\&quot;labels\\&quot;, \\&quot;stylers\\&quot;: [{\\&quot;hue\\&quot;: \\&quot;#bbc0c4\\&quot;}, {\\&quot;saturation\\&quot;: -93}, {\\&quot;lightness\\&quot;: -2}, {\\&quot;visibility\\&quot;: \\&quot;simplified\\&quot;}]}, {\\&quot;featureType\\&quot;: \\&quot;road.local\\&quot;, \\&quot;elementType\\&quot;: \\&quot;geometry\\&quot;, \\&quot;stylers\\&quot;: [{\\&quot;hue\\&quot;: \\&quot;#e9ebed\\&quot;}, {\\&quot;saturation\\&quot;: -90}, {\\&quot;lightness\\&quot;: -8}, {\\&quot;visibility\\&quot;: \\&quot;simplified\\&quot;}]}, {\\&quot;featureType\\&quot;: \\&quot;transit\\&quot;, \\&quot;elementType\\&quot;: \\&quot;all\\&quot;, \\&quot;stylers\\&quot;: [{\\&quot;hue\\&quot;: \\&quot;#e9ebed\\&quot;}, {\\&quot;saturation\\&quot;: 10}, {\\&quot;lightness\\&quot;: 69}, {\\&quot;visibility\\&quot;: \\&quot;on\\&quot;}]}, {\\&quot;featureType\\&quot;: \\&quot;water\\&quot;, \\&quot;elementType\\&quot;: \\&quot;all\\&quot;, \\&quot;stylers\\&quot;: [{\\&quot;hue\\&quot;: \\&quot;#e9ebed\\&quot;}, {\\&quot;saturation\\&quot;: -78}, {\\&quot;lightness\\&quot;: 67}, {\\&quot;visibility\\&quot;: \\&quot;simplified\\&quot;}]}, {\\&quot;featureType\\&quot;: \\&quot;administrative.country\\&quot;, \\&quot;stylers\\&quot;: [{\\&quot;weight\\&quot;: 3}]}, {\\&quot;featureType\\&quot;: \\&quot;administrative.province\\&quot;, \\&quot;stylers\\&quot;: [{\\&quot;visibility\\&quot;: \\&quot;off\\&quot;}]}]&quot;,&quot;upload_default_ul_marker&quot;:&quot;&quot;,&quot;upload_default_sl_marker&quot;:&quot;&quot;,&quot;wpgmza_dbox_width_type&quot;:&quot;%&quot;,&quot;default_from&quot;:&quot;&quot;,&quot;directions_behaviour&quot;:&quot;default&quot;,&quot;force_google_directions_app&quot;:false,&quot;directions_route_origin_icon&quot;:&quot;https:\\\/\\\/lgtravel.se\\\/wp-content\\\/plugins\\\/wp-google-maps\\\/images\\\/spotlight-poi2.png&quot;,&quot;retina&quot;:false,&quot;directions_route_destination_icon&quot;:&quot;https:\\\/\\\/lgtravel.se\\\/wp-content\\\/plugins\\\/wp-google-maps\\\/images\\\/spotlight-poi2.png&quot;,&quot;directions_route_stroke_color&quot;:&quot;#4f8df5&quot;,&quot;directions_route_stroke_weight&quot;:&quot;4&quot;,&quot;directions_route_stroke_opacity&quot;:&quot;0.8&quot;,&quot;enable_advanced_custom_fields_integration&quot;:false,&quot;enable_toolset_woocommerce_integration&quot;:false,&quot;shortcodeAttributes&quot;:{&quot;id&quot;:&quot;39&quot;}}}\" data-map-id='39' data-shortcode-attributes=\"{&quot;id&quot;:&quot;39&quot;}\"> <\/div>\r\n            \r\n               \r\n        <div style=\"display:block; width:100%;\">\r\n\t\t\t\t\r\n\t\t\t\t<div class=\"wpgmza-directions-box wpgmaps_directions_outer_div style-modern\" data-map-id=\"39\" style=\"width:100%;display:none;clear:both;\" id=\"wpgmaps_directions_edit_39\">\n\t<h2 class=\"wpgmza-directions-box__title\">\u041c\u0430\u0440\u0448\u0440\u0443\u0442<\/h2>\n\t\n\t<div class=\"wpgmza-directions-box-inner\" id=\"wpgmaps_directions_editbox_39\">\n\t\t<div class=\"wpgmza-directions-actions wpgmza-form-field\">\n\t\t\t<div class=\"wpgmza-directions__travel-mode\">\n\t\t\t\t<span class=\"wpgmza-travel-mode-option wpgmza-travel-option__selected\" data-mode=\"driving\">\n\t\t\t\t\t<img decoding=\"async\" src=\"https:\/\/lgtravel.se\/wp-content\/plugins\/wp-google-maps-pro\/images\/icons\/directions_car.png\" loading=\"lazy\">\n\t\t\t\t<\/span>\n\t\t\t\t<span class=\"wpgmza-travel-mode-option\" data-mode=\"walking\">\n\t\t\t\t\t<img decoding=\"async\" src=\"https:\/\/lgtravel.se\/wp-content\/plugins\/wp-google-maps-pro\/images\/icons\/directions_walking.png\" loading=\"lazy\">\n\t\t\t\t<\/span>\n\t\t\t\t<span class=\"wpgmza-travel-mode-option\" data-mode=\"transit\">\n\t\t\t\t\t<img decoding=\"async\" src=\"https:\/\/lgtravel.se\/wp-content\/plugins\/wp-google-maps-pro\/images\/icons\/directions_transit.png\" loading=\"lazy\">\n\t\t\t\t<\/span>\n\t\t\t\t<span class=\"wpgmza-travel-mode-option\" data-mode=\"bicycling\">\n\t\t\t\t\t<img decoding=\"async\" src=\"https:\/\/lgtravel.se\/wp-content\/plugins\/wp-google-maps-pro\/images\/icons\/directions_bike.png\" loading=\"lazy\">\n\t\t\t\t<\/span>\n\t\t\t<\/div>\n\n\t\t\t<div class=\"wpgmza-directions-locations\">\n\t\t\t\t<div class=\"wpgmza-directions-from wpgmza-form-field\">\n\n\t\t\t\t\t<i class=\"wpgmza-directions-from__icon fa fa-circle\"><\/i>\n\t\t\t\n\t\t\t\t\t<label class=\"wpgmza-form-field__label\" for=\"wpgmza_input_from_39\">\n\t\t\t\t\t\t\u041e\u0442\u043a\u0443\u0434\u0430\t\t\t\t\t<\/label>\n\t\t\t\t\t\n\t\t\t\t\t<input class=\"wpgmza-address wpgmza-directions-from wpgmza-form-field__input\" type=\"text\" placeholder=\"\u041e\u0442\u043a\u0443\u0434\u0430\" value=\"\" id=\"wpgmza_input_from_39\" style=\"width:80%;\" aria-label=\"\u041e\u0442\u043a\u0443\u0434\u0430\">\n\t\t\t\t\n\t\t\t\t<\/div>\n\n\t\t\t\t<div class=\"wpgmza-directions-to wpgmza-form-field wpgmaps_to_row\">\n\n\t\t\t\t\t<i class=\"wpgmza-directions-to__icon fa fas fa-map-marker\"><\/i>\n\n\t\t\t\t\t<label class=\"wpgmza-form-field__label\" for=\"wpgmza_input_to_39\">\n\t\t\t\t\t\t\u041a\u0443\u0434\u0430\t\t\t\t\t<\/label>\n\t\t\t\t\t<input class=\"wpgmza-address wpgmza-form-field__input wpgmza-directions-to\" type=\"text\" placeholder=\"\u041a\u0443\u0434\u0430\" value=\"\" id=\"wpgmza_input_to_39\" style=\"width:80%;\" aria-label=\"\u041a\u0443\u0434\u0430\">\n\t\t\t\t<\/div>\n\t\t\t\t\n\t\t\t\t<div class=\"wpgmza-waypoint-via wpgmza-form-field wpgmza-form-field--no-pad wpgmaps_via wpgmaps_template\">\n\n\t\t\t\t\t<i class=\"wpgmza-directions-from__icon fa fa-circle\"><\/i>\n\t\t\t\t\n\t\t\t\t\t<input class=\"wpgmza-waypoint-via wpgmza-form-field__input wpgmaps_via\" type=\"text\" placeholder=\"Via\">\n\t\t\t\t\t\n\t\t\t\t\t<button href=\"javascript:%20;\" class=\"wpgmza_remove_via\">\n\t\t\t\t\t\t<i class=\"fa fa-times\"><\/i>\n\t\t\t\t\t<\/button>\n\t\t\t\t\t\n\t\t\t\t<\/div>\n\t\t\t\t\n\t\t\t\t<div class=\"wpgmza-add-waypoint wpgmza-form-field wpgmza-form-field--no-pad wpgmaps_add_waypoint\">\n\t\t\t\t\t<div class=\"wpgmaps_add_waypoint\">\n\t\t\t\t\t\t<a href=\"javascript:%20;\" class=\"wpgmaps_add_waypoint\" mapid=\"39\">\n\t\t\t\t\t\t\t<i class=\"fa fa-plus-circle\" aria-hidden=\"true\"><\/i>\n\t\t\t\t\t\t\tAdd Waypoint\t\t\t\t\t\t<\/a>\n\t\t\t\t\t<\/div>\n\t\t\t\t<\/div>\n\t\t\t<\/div>\n\n\t\t\t<div class=\"wpgmza-hidden\">\n\t\t\t<label class=\"wpgmza-travel-mode wpgmza-form-field__label\" for=\"wpgmza_dir_type_39\">\n\t\t\t\tFor\t\t\t<\/label>\n\t\t\t<select class=\"wpgmza-travel-mode wpgmza-form-field__input\" name=\"wpgmza_dir_type_39\" id=\"wpgmza_dir_type_39\" aria-label=\"For\">\n\t\t\t\t<option value=\"driving\">\n\t\t\t\t\t\u0421\u043e\u0445\u0440\u0430\u043d\u044f\u044e\t\t\t\t<\/option>\n\t\t\t\t<option value=\"walking\">\n\t\t\t\t\tWalking\t\t\t\t<\/option>\n\t\t\t\t<option value=\"transit\">\n\t\t\t\t\tTransit\t\t\t\t<\/option>\n\t\t\t\t<option value=\"bicycling\">\n\t\t\t\t\tBicycling\t\t\t\t<\/option>\n\t\t\t<\/select>\n\t\t\t<\/div>\n\t\t<\/div>\n\t\t\t\n\t\t<div class=\"wpgmza-directions-options__section\">\n\t\t\t<a href=\"javascript:;\" class=\"wpgmza-show-directions-options\" id=\"wpgmza_show_options_39\" mapid=\"39\">\n\t\t\t\tshow options\t\t\t<\/a>\n\t\t\t\n\t\t\t<a href=\"javascript:;\" class=\"wpgmza-hide-directions-options\" id=\"wpgmza_hide_options_39\" mapid=\"39\">\n\t\t\t\t\u041f\u0440\u043e\u0434\u0432\u0438\u043d\u0443\u0442\u044b\u0435 \u043e\u043f\u0446\u0438\u0438\t\t\t<\/a>\n\t\t\t\n\t\t\t<div class=\"wpgmza-directions-options wpgmza-form-field wpgmza-form-field--no-pad wpgmza_dir_options\">\n\t\t\t\t<label class=\"class\">\n\t\t\t\t\t<input type=\"checkbox\" class=\"wpgmza-avoid-tolls\" value=\"tolls\" name=\"wpgmza_tolls_39\" id=\"wpgmza_tolls_39\">\n\t\t\t\t\tAvoid Tolls\t\t\t\t<\/label>\n\t\t\t\t<label class=\"class\">\n\t\t\t\t\t<input type=\"checkbox\" class=\"wpgmza-avoid-highways\" value=\"highways\" name=\"wpgmza_highways_39\" id=\"wpgmza_highways_39\">\n\t\t\t\t\tAvoid Highways\t\t\t\t<\/label>\n\t\t\t\t<label class=\"class\">\n\t\t\t\t\t<input type=\"checkbox\" class=\"wpgmza-avoid-ferries\" value=\"ferries\" name=\"wpgmza_ferries_39\" id=\"wpgmza_ferries_39\">\n\t\t\t\t\tAvoid Ferries\t\t\t\t<\/label>\n\t\t\t<\/div>\n\t\t<\/div>\n\t\t\n\t<\/div>\n\t\n\t<div class=\"wpgmza-directions-buttons wpgmza-form-field wpgmaps_to_row\">\n\t\t<input class=\"wpgmza-get-directions wpgmaps_get_directions\" onclick=\"javascript: ;\" type=\"button\" value=\"\u041f\u043e\u0435\u0445\u0430\u043b\u0438!\" id=\"39\">\n\t\t\n\t\t<span class=\"wpgmza-directions-result__buttons\">\n\t\t\t<a class=\"wpgmza-print-directions\" style=\"display: none;\" onclick=\"javascript: ;\" mapid=\"39\">\n\t\t\t\t\u041c\u0430\u0440\u0448\u0440\u0443\u0442\t\t\t<\/a>\n\t\t\t\n\t\t\t<a class=\"wpgmza-reset-directions\" style=\"display: none;\" onclick=\"javascript: ;\" mapid=\"39\">\n\t\t\t\t\u041c\u0430\u0440\u0448\u0440\u0443\u0442\t\t\t<\/a>\n\t\t<\/span>\n\t<\/div>\n<\/div>\r\n\t\t\t\t\r\n\t\t\t\t<div id=\"wpgmaps_directions_notification_39\" style=\"display:none;\">\u041c\u0430\u0440\u0448\u0440\u0443\u0442...<\/div>\r\n\t\t\t\t\r\n\t\t\t\t<div id=\"wpgmaps_directions_reset_39\" style=\"display:none;\">\r\n\r\n\t\t\t\t\t<a href='javascript:void(0)' onclick='wpgmza_reset_directions(39);' id='wpgmaps_reset_directions' title='\u041c\u0430\u0440\u0448\u0440\u0443\u0442'>\u041c\u0430\u0440\u0448\u0440\u0443\u0442<\/a>\r\n\t\t\t\t\t<br \/>\r\n\t\t\t\t\t<a href='javascript: ;' id='wpgmaps_print_directions_39' target='_blank' title='\u041c\u0430\u0440\u0448\u0440\u0443\u0442'>\u041c\u0430\u0440\u0448\u0440\u0443\u0442<\/a>\r\n\t\t\t\t<\/div>\r\n\t\t\t\t\r\n\t\t\t\t<div id=\"directions_panel_39\"><\/div>\r\n\r\n\t\t\t<\/div>\n\n\n\n<p>&nbsp;<\/p>\n\n\n\n<p>V\u00e5r resa g\u00e5r genom v\u00e4stra Ukraina, omr\u00e5den som \u00e4r helt op\u00e5verkade av de oroligheter som pr\u00e4glar landets \u00f6stra delar och den sedan 2014 ryskockuperade halv\u00f6n Krim. F\u00f6lj med och m\u00f6t v\u00e5ren i en f\u00f6r de flesta svenskar ok\u00e4nd del av Europa, som f\u00e4ngslar med h\u00e4nf\u00f6rande natur i Karpaterna, n\u00e5gra av Europas mest v\u00e4lbevarade medeltidsst\u00e4der och en b\u00e5de intressant och kuslig historia. Direktflyg fr\u00e5n K\u00f6penhamn till Kiev och hemresa, \u00e4ven det direkt, fr\u00e5n Lviv. Vi bor p\u00e5 charmanta hotell, njuter ukrainsk kokkonst och f\u00e4rdas i modern helturistbuss med gott om plats eftersom max antal deltagare \u00e4r satt till 15.<\/p>\n\n\n\n<p class=\"has-background\" style=\"background-color:#f4f4f4\"><em>Ukraina<\/em> betyder &#8216;gr\u00e4nsland&#8217;, och landet ingick i det polsk-litauiska unionsriket innan Ryssland, \u00d6sterrike och Preussen styckade upp det i slutet av 1700-talet. V\u00e4stra Ukraina hamnade under \u00f6sterrikiskt styre medan \u00f6vriga delen av landet blev ryskt. Efter att ha varit uppdelat p\u00e5 de nya staterna Polen, Ungern, Tjeckoslovakien och Rum\u00e4nien under mellankrigstiden blev v\u00e4stra Ukraina sovjetiskt n\u00e4r Sovjetunionen efter 1945 flyttade fram sina gr\u00e4nser. I v\u00e4stra Ukraina verkade emellertid en motst\u00e5ndsr\u00f6relse som under flera decennier bek\u00e4mpade efterkrigstidens aggressiva sovjetisering. D\u00e4r vill man nu s\u00f6ka sig mot Europa, medan landets \u00f6stra och s\u00f6dra delar hellre s\u00f6ker t\u00e4tare f\u00f6rbindelser med Ryssland.<br><br>Dagens Ukraina h\u00e4rstammar fr\u00e5n den sovjetiska r\u00e5dsrepubliken, som tillsammans med Vitryssland och Ryssland gick \u00f6ver huvudet p\u00e5 Sovjetledaren Michail Gorbatjov och fattade beslut om Sovjetunionens uppl\u00f6sning i december 1991.<\/p>\n\n\n\n<figure class=\"wp-block-embed is-type-video is-provider-youtube wp-block-embed-youtube wp-embed-aspect-16-9 wp-has-aspect-ratio\"><div class=\"wp-block-embed__wrapper\">\n<iframe title=\"Travel and Enjoy Ukraine Now\" width=\"1200\" height=\"675\" src=\"https:\/\/www.youtube.com\/embed\/1j3uqlGrh4E?feature=oembed\" frameborder=\"0\" allow=\"accelerometer; autoplay; clipboard-write; encrypted-media; gyroscope; picture-in-picture; web-share\" referrerpolicy=\"strict-origin-when-cross-origin\" allowfullscreen loading=\"lazy\"><\/iframe>\n<\/div><figcaption class=\"wp-element-caption\">N\u00e5gra glimtar fr\u00e5n Ukraina.<\/figcaption><\/figure>\n\n\n\n<h2 class=\"wp-block-heading\" id=\"dag-for-dag\"><strong>Dag f\u00f6r dag<\/strong><\/h2>\n\n\n\n<h4 class=\"wp-block-heading\" id=\"dag-1-fredag-23-april\">Dag 1 |<\/h4>\n\n\n\n<h3 class=\"wp-block-heading\" id=\"flyg-kopenhamn-kiev\"><strong>Flyg K\u00f6penhamn\u2013Kiev<\/strong><\/h3>\n\n\n\n<p>Samling p\u00e5 K\u00f6penhamns flygplats, Kastrup, vid 18-tiden, och flygavg\u00e5ngen med Wizz Air \u00e4r kl. 20.05. Vi flyger 135 mil \u00e5t sydost och landar efter tv\u00e5 timmar p\u00e5 flygplatsen Kiev-Zjuljany, bel\u00e4gen en knapp mil s\u00f6der om centrum. Lokal ankomsttid \u00e4r kl. 23.20, s\u00e5 klockan f\u00e5r st\u00e4llas fram en timme till ukrainsk tid. Efter de numera smidiga inreseformaliteterna v\u00e4ntar en buss p\u00e5 att ta oss till st\u00e4mningsfulla Hotel Ukraina i centrala Kiev, d\u00e4r vi installerar oss f\u00f6r tre n\u00e4tter.<\/p>\n\n\n\n<h4 class=\"wp-block-heading\" id=\"dag-2-lordag-24-april\">Dag 2 |<\/h4>\n\n\n\n<h3 class=\"wp-block-heading\" id=\"kiev\"><strong>Kiev<\/strong><\/h3>\n\n\n\n<p class=\"has-background\" style=\"background-color:#f4f4f4\">Kiev anses vara mer \u00e4n 1500 \u00e5r gammalt och blev p\u00e5 800-talet huvudstad i Kievriket, som var den f\u00f6rsta slaviska staten och det gemensamma ursprunget till Ukraina, Ryssland och Vitryssland. Kievriket blomstrade fram till 1200-talet, n\u00e4r det \u00f6delades av mongolerna. Riket &#171;flyttade&#187; sedan mot nordost och blev grunden till Ryssland, medan Ukraina hamnade under litauiskt styre.<\/p>\n\n\n\n<div class=\"wp-block-columns is-layout-flex wp-container-core-columns-is-layout-9d6595d7 wp-block-columns-is-layout-flex\">\n<div class=\"wp-block-column is-layout-flow wp-block-column-is-layout-flow\">\n<p>Vi bes\u00f6ker Gyllene porten och den m\u00e4ktiga Sofiakatedralen, som uppf\u00f6rdes under Kievrikets storhetstid p\u00e5 1000- och 1100-talen, n\u00e4r den f\u00f6rmodade vikinga\u00e4ttlingen Jaroslav den vise var storfurste. Hans gem\u00e5l hette Ingegerd och var dotter till Olof Sk\u00f6tkonung. Vi forts\u00e4tter till Grottklostret (K\u00fdjevo-Petj\u00e9rska l\u00e1vra). Det grundades p\u00e5 1000-talet och h\u00e4r nedtecknades Nestorskr\u00f6nikan av munken Nestor.<\/p>\n\n\n\n<p class=\"has-background\" style=\"background-color:#f4f4f4\">Nestorskr\u00f6nikan ber\u00e4ttar att en svensk furste\u00e4tt \u00e5r 862 inkallades f\u00f6r att styra och bringa ordning i Kievriket. Tolkningen \u00e4r omstridd, men en teori g\u00f6r g\u00e4llande att furste\u00e4ttens anfader hette Rurik och att namnet <em>Rus<\/em> skulle komma ur <em>Roslagen<\/em> eller <em>Ruotsi<\/em>, det finska namnet p\u00e5 Sverige.<\/p>\n<\/div>\n\n\n\n<div class=\"wp-block-column is-layout-flow wp-block-column-is-layout-flow\">\n<figure class=\"wp-block-image size-large\"><img fetchpriority=\"high\" decoding=\"async\" width=\"800\" height=\"800\" src=\"https:\/\/lgtravel.se\/wp-content\/uploads\/2020\/10\/20040808-09_foto-niklas-bonnemark_b800.jpg\" alt=\"tegelbyggnad med guldskimrande kupol\" class=\"wp-image-6031\" srcset=\"https:\/\/lgtravel.se\/wp-content\/uploads\/2020\/10\/20040808-09_foto-niklas-bonnemark_b800.jpg 800w, https:\/\/lgtravel.se\/wp-content\/uploads\/2020\/10\/20040808-09_foto-niklas-bonnemark_b800-300x300.jpg 300w, https:\/\/lgtravel.se\/wp-content\/uploads\/2020\/10\/20040808-09_foto-niklas-bonnemark_b800-150x150.jpg 150w, https:\/\/lgtravel.se\/wp-content\/uploads\/2020\/10\/20040808-09_foto-niklas-bonnemark_b800-768x768.jpg 768w\" sizes=\"(max-width: 800px) 100vw, 800px\" \/><figcaption class=\"wp-element-caption\">Gyllene porten i Kiev (rekonstruktion). Foto: Niklas B\u00f6nnemark.<\/figcaption><\/figure>\n<\/div>\n<\/div>\n\n\n\n<figure class=\"wp-block-image size-full\"><img decoding=\"async\" width=\"1200\" height=\"674\" src=\"https:\/\/lgtravel.se\/wp-content\/uploads\/2020\/10\/ivan-zakharenko-whrgkeqrla8-unsplash_b1200.jpg\" alt=\"flygbild \u00f6ver stad p\u00e5 dagen\" class=\"wp-image-6079\" srcset=\"https:\/\/lgtravel.se\/wp-content\/uploads\/2020\/10\/ivan-zakharenko-whrgkeqrla8-unsplash_b1200.jpg 1200w, https:\/\/lgtravel.se\/wp-content\/uploads\/2020\/10\/ivan-zakharenko-whrgkeqrla8-unsplash_b1200-300x169.jpg 300w, https:\/\/lgtravel.se\/wp-content\/uploads\/2020\/10\/ivan-zakharenko-whrgkeqrla8-unsplash_b1200-1024x575.jpg 1024w, https:\/\/lgtravel.se\/wp-content\/uploads\/2020\/10\/ivan-zakharenko-whrgkeqrla8-unsplash_b1200-768x431.jpg 768w\" sizes=\"(max-width: 1200px) 100vw, 1200px\" loading=\"lazy\" \/><figcaption class=\"wp-element-caption\">Kiev med Chresjtj\u00e1tyk i mitten. <span>Photo by <a href=\"https:\/\/unsplash.com\/@izakhare?utm_source=unsplash&amp;utm_medium=referral&amp;utm_content=creditCopyText\">ivan zakharenko<\/a> on <a href=\"https:\/\/unsplash.com\/s\/photos\/kiev?utm_source=unsplash&amp;utm_medium=referral&amp;utm_content=creditCopyText\">Unsplash<\/a><\/span><\/figcaption><\/figure>\n\n\n\n<p>Grottklostret ligger p\u00e5 en h\u00f6jd med utsikt \u00f6ver Dnepr och omfattar, f\u00f6rutom de ursprungliga grottorna, byggnader fr\u00e5n flera \u00e5rhundraden. Kiev ligger vackert p\u00e5 kullarna vid floden Dnepr, och under dagens rundtur promenerar vi ocks\u00e5 l\u00e4ngs de monumentala avenyerna till Sj\u00e4lvst\u00e4ndighetstorget och huvudgatan Chresjtj\u00e1tyk.<\/p>\n\n\n\n<p>Lunch och middag ing\u00e5r.<\/p>\n\n\n\n<h4 class=\"wp-block-heading\" id=\"dag-3-sondag-25-april\">Dag 3 |<\/h4>\n\n\n\n<h3 class=\"wp-block-heading\" id=\"kiev-och-utflykt-till-tjernobyl\"><strong>Kiev och utflykt till Tjernobyl<\/strong><\/h3>\n\n\n\n<div class=\"wp-block-columns is-layout-flex wp-container-core-columns-is-layout-9d6595d7 wp-block-columns-is-layout-flex\">\n<div class=\"wp-block-column is-layout-flow wp-block-column-is-layout-flow\" style=\"flex-basis:66.66%\">\n<p>Tillbringa dagen i Kiev eller f\u00f6lj med p\u00e5 en heldagsutflykt till Tjernobyl.<\/p>\n\n\n\n<p>Utflykten startar med avf\u00e4rd fr\u00e5n hotellet kl. 08.00, och under den tv\u00e5 timmar l\u00e5nga bussresan visas en dokument\u00e4rfilm om katastrofen den 26 april 1986 och dess f\u00f6ljder. Vi kommer till Pripjat, den numera \u00f6vergivna staden som byggdes \u00e5t arbetare vid k\u00e4rnkraftverket. Idag har naturen \u00e5terer\u00f6vrat sp\u00f6kstaden, och tr\u00e4d skjuter upp mitt i de \u00f6vergivna gatorna och de f\u00f6rfallna husen. En makaber men h\u00f6gintressant visit. Sj\u00e4lva k\u00e4rnkraftverket syns som en skr\u00e4mmande silhuett, och man f\u00e5r inte komma n\u00e4rmare \u00e4n 300 meter.<\/p>\n\n\n\n<p>Tjernobylomr\u00e5det har fortfarande f\u00f6rh\u00f6jd str\u00e5lning, men kort vistelse anses riskfritt. Den str\u00e5lningsdos man uts\u00e4tts f\u00f6r under dagsutflykten hit brukar j\u00e4mf\u00f6ras med vad man f\u00e5r vid en tandl\u00e4karr\u00f6ntgen.<\/p>\n\n\n\n<p>Lunch ing\u00e5r under utflykten, men kv\u00e4llens middag \u00e4r p\u00e5 egen hand.<\/p>\n<\/div>\n\n\n\n<div class=\"wp-block-column is-layout-flow wp-block-column-is-layout-flow\" style=\"flex-basis:33.33%\">\n<figure class=\"wp-block-image size-full\"><img decoding=\"async\" width=\"800\" height=\"800\" src=\"https:\/\/lgtravel.se\/wp-content\/uploads\/2020\/10\/dsc_6469-01_foto-viktor-bonnemark_800x800.jpg\" alt=\"ruin av hotell\" class=\"wp-image-6062\" srcset=\"https:\/\/lgtravel.se\/wp-content\/uploads\/2020\/10\/dsc_6469-01_foto-viktor-bonnemark_800x800.jpg 800w, https:\/\/lgtravel.se\/wp-content\/uploads\/2020\/10\/dsc_6469-01_foto-viktor-bonnemark_800x800-300x300.jpg 300w, https:\/\/lgtravel.se\/wp-content\/uploads\/2020\/10\/dsc_6469-01_foto-viktor-bonnemark_800x800-150x150.jpg 150w, https:\/\/lgtravel.se\/wp-content\/uploads\/2020\/10\/dsc_6469-01_foto-viktor-bonnemark_800x800-768x768.jpg 768w\" sizes=\"(max-width: 800px) 100vw, 800px\" loading=\"lazy\" \/><figcaption class=\"wp-element-caption\">Hotell Polissia i Pripjat. Foto: Viktor B\u00f6nnemark.<\/figcaption><\/figure>\n\n\n\n<figure class=\"wp-block-image size-full\"><img loading=\"lazy\" decoding=\"async\" width=\"800\" height=\"800\" src=\"https:\/\/lgtravel.se\/wp-content\/uploads\/2020\/10\/dsc_6480-01_foto-viktor-bonnemark_800x800.jpg\" alt=\"affischer\" class=\"wp-image-6065\" srcset=\"https:\/\/lgtravel.se\/wp-content\/uploads\/2020\/10\/dsc_6480-01_foto-viktor-bonnemark_800x800.jpg 800w, https:\/\/lgtravel.se\/wp-content\/uploads\/2020\/10\/dsc_6480-01_foto-viktor-bonnemark_800x800-300x300.jpg 300w, https:\/\/lgtravel.se\/wp-content\/uploads\/2020\/10\/dsc_6480-01_foto-viktor-bonnemark_800x800-150x150.jpg 150w, https:\/\/lgtravel.se\/wp-content\/uploads\/2020\/10\/dsc_6480-01_foto-viktor-bonnemark_800x800-768x768.jpg 768w\" sizes=\"(max-width: 800px) 100vw, 800px\" \/><figcaption class=\"wp-element-caption\">Pripjat i den f\u00f6rbjudna zonen vid Tjernobyl. Foto: Viktor B\u00f6nnemark.<\/figcaption><\/figure>\n<\/div>\n<\/div>\n\n\n\n<h4 class=\"wp-block-heading\" id=\"dag-4-mandag-26-april\">Dag 4 |<\/h4>\n\n\n\n<h3 class=\"wp-block-heading\" id=\"kiev-kamjanets-podilskyj-bussresa-42-mil\"><strong>Kiev\u2013Kamjanets-Podilskyj (bussresa 42 mil)<\/strong><\/h3>\n\n\n\n<p>Efter frukost sker utcheckning och vi tar plats i bussen f\u00f6r en f\u00e4rd \u00f6ver den ukrainska landsbygden och dess vidstr\u00e4ckta b\u00f6rdiga sl\u00e4ttland. St\u00f6rre delen av landet \u00e4r platt, men p\u00e5 v\u00e5r f\u00e4rd v\u00e4sterut blir landskapet efter hand mer kuperat. Vi stannar f\u00f6r lunch p\u00e5 ett lokalt v\u00e4rdshus l\u00e4ngs v\u00e4gen, och under eftermiddagen n\u00e5r vi det historiska landskapet Podolien och staden K\u00e1mjanets-Pod\u00edlskyj, d\u00e4r vi tar in f\u00f6r en natt. Staden, med cirka 100 000 inv\u00e5nare, \u00e4r en av Europas verkliga klenoder med sina v\u00e4lbevarade hus och kullerstensgator.<\/p>\n\n\n\n<p class=\"has-background\" style=\"background-color:#f4f4f4\">Staden Kamjanets-Podilskyjs anor r\u00e4knas fr\u00e5n Kievrikets tidevarv och v\u00e4xte upp kring en f\u00e4stning som byggdes i en kr\u00f6k vid floden Sm\u00f3trytj. H\u00e4r fanns ett idealiskt naturligt f\u00f6rsvarssystem i form av en djup flodravin, d\u00e4r den enda ing\u00e5ngen till f\u00e4stningen var via en bro \u00f6ver floden. F\u00e4stningen \u00e4r en av de f\u00e5 kvarvarande medeltida konstruktioner i Ukraina som \u00f6verlevt in i modern tid.<br><br>Under andra v\u00e4rldskrigets slutskede ringades tyskarna in av sovjetarm\u00e9n och retirerade utan att staden Kamjanets-Podilskyj \u00e5drog sig den omfattande krigsf\u00f6rst\u00f6relse som annars hems\u00f6kt landets st\u00e4der och byar. Tyskarna, som anf\u00f6ll Sovjetunionen vid Operation Barbarossa i juni 1941, uppt\u00e4ckte i Kamjanets-Podilskyj den stora koloni av judar som f\u00f6rdrivits fr\u00e5n Ungern. Tyskarna anst\u00e4llde en massaker i slutet av augusti 1941, och ett monument vittnar om n\u00e4stan 25 000 m\u00f6rdade judar.<\/p>\n\n\n\n<p>V\u00e5rt hotell \u00e4r fyrstj\u00e4rniga Reikartz, som ligger mitt i den bed\u00e5rande gamla stadsdelen.<\/p>\n\n\n\n<p>Middag avnjuter vi p\u00e5 en restaurang.<\/p>\n\n\n\n<h4 class=\"wp-block-heading\" id=\"dag-5-tisdag-27-april\">Dag 5 |<\/h4>\n\n\n\n<h3 class=\"wp-block-heading\" id=\"kamjanets-podilskyj-tjernivtsi-tatariv-bussresa-25-mil\"><strong>Kamjanets-Podilskyj\u2013Tjernivtsi\u2013Tatariv (bussresa 25 mil)<\/strong><\/h3>\n\n\n\n<p>Efter god frukostbuff\u00e9 rullar vi vidare genom Karpaternas \u00f6stliga utl\u00f6pare och kommer till Bukovina, ett geografiskt omr\u00e5de som numera delas mellan Rum\u00e4nien och Ukraina. Landskapet \u00e4r vackert, och namnet betyder &#8216;bokskogsomr\u00e5det&#8217;.<\/p>\n\n\n\n<p class=\"has-background\" style=\"background-color:#f4f4f4\">Under mellankrigstiden tillh\u00f6rde hela Bukovina d\u00e5varande kungad\u00f6met Rum\u00e4nien, men Stalin kapade av landskapets norra delar och inkorporerade dem i den ukrainska sovjetrepubliken. Med f\u00f6ljd att norra Bukovina numera ing\u00e5r i det sj\u00e4lvst\u00e4ndiga Ukraina. Om vi blickar \u00e4nnu l\u00e4ngre bak\u00e5t s\u00e5 ingick Bukovina i det medeltida furstend\u00f6met Moldavien, som p\u00e5 1400-talet hamnade under turkisk \u00f6verh\u00f6ghet. 1770-talets rysk-turkiska krig gav \u00d6sterrike chans att flytta fram sina positioner \u00f6sterut, s\u00e5 mellan 1775 och 1918 var Bukovina en v\u00e4lm\u00e5ende jordbruksprovins i det \u00f6sterrikiska kejsard\u00f6met.<\/p>\n\n\n\n<div class=\"wp-block-columns is-layout-flex wp-container-core-columns-is-layout-9d6595d7 wp-block-columns-is-layout-flex\">\n<div class=\"wp-block-column is-layout-flow wp-block-column-is-layout-flow\">\n<p>Vid 11-tiden anl\u00e4nder vi till Tjernivts\u00ed, som \u00e4r \u00e4nnu en v\u00e4lbevarad, t\u00e4mligen ok\u00e4nd klenod och under denna tid den \u00f6stligaste staden i det habsburgska imperiet. P\u00e5 tyska heter staden Czernowitz och p\u00e5 rum\u00e4nska Cern\u0103u\u021bi, och f\u00f6rutom att det rum\u00e4nska arvet \u00e4r mycket p\u00e5tagligt \u00e4r Tjernivtsi ocks\u00e5 ett gammalt tyskt och judiskt kulturcentrum.<\/p>\n\n\n\n<p>Efter lunch och rundtur i denna f\u00f6rtjusande stad styrs kosan mot Karpaternas bergsomr\u00e5den. Vi f\u00f6ljer floden Prut v\u00e4sterut, och dagens m\u00e5l \u00e4r idylliska bergsbyn Tatariv, bel\u00e4gen 750 meter \u00f6ver havet vid den spektakul\u00e4ra flodravinen. Dess speciella mikroklimat gjorde att Tatariv vid f\u00f6rra sekelskiftet utvecklades till en exklusiv kurort, som under sovjettiden kom att anv\u00e4ndas som rekreationsplats \u00e5t sovjetrepublikens polisk\u00e5rer. Idag har man \u00e5terer\u00f6vrat mycket av sin forna glans och lockar vintertid med skid\u00e5kning. H\u00e4r bor vi tv\u00e5 n\u00e4tter i p\u00e5 Koruna Mountain Resort (****) och njuter av omgivningarna.<\/p>\n\n\n\n<p>Middag p\u00e5 kv\u00e4llen.<\/p>\n<\/div>\n\n\n\n<div class=\"wp-block-column is-layout-flow wp-block-column-is-layout-flow\">\n<figure class=\"wp-block-image size-large\"><img loading=\"lazy\" decoding=\"async\" width=\"683\" height=\"1024\" src=\"https:\/\/lgtravel.se\/wp-content\/uploads\/2020\/07\/vitaliy-rigalovsky-0pn2-y46ivi-unsplash_800x1200-683x1024.jpg\" alt=\"vitt torn med svart tak\" class=\"wp-image-5098\" srcset=\"https:\/\/lgtravel.se\/wp-content\/uploads\/2020\/07\/vitaliy-rigalovsky-0pn2-y46ivi-unsplash_800x1200-683x1024.jpg 683w, https:\/\/lgtravel.se\/wp-content\/uploads\/2020\/07\/vitaliy-rigalovsky-0pn2-y46ivi-unsplash_800x1200-200x300.jpg 200w, https:\/\/lgtravel.se\/wp-content\/uploads\/2020\/07\/vitaliy-rigalovsky-0pn2-y46ivi-unsplash_800x1200-768x1152.jpg 768w, https:\/\/lgtravel.se\/wp-content\/uploads\/2020\/07\/vitaliy-rigalovsky-0pn2-y46ivi-unsplash_800x1200.jpg 800w\" sizes=\"(max-width: 683px) 100vw, 683px\" \/><figcaption class=\"wp-element-caption\">Tjernivtsi, Ukraina. <span>Photo by <a href=\"https:\/\/unsplash.com\/@color_raw?utm_source=unsplash&amp;utm_medium=referral&amp;utm_content=creditCopyText\">Vitaliy Rigalovsky<\/a> on <a href=\"https:\/\/unsplash.com\/s\/photos\/chernivtsi?utm_source=unsplash&amp;utm_medium=referral&amp;utm_content=creditCopyText\">Unsplash<\/a><\/span><\/figcaption><\/figure>\n<\/div>\n<\/div>\n\n\n\n<h4 class=\"wp-block-heading\" id=\"dag-6-onsdag-28-april\">Dag 6 |<\/h4>\n\n\n\n<h3 class=\"wp-block-heading\" id=\"utflykt-i-karpaterna\"><strong>Utflykt i Karpaterna<\/strong><\/h3>\n\n\n\n<p>Ett ljuvligt uppvaknande i Transkarpatien, en korsv\u00e4g mellan \u00f6st och v\u00e4st och mellan nord och syd. H\u00e4r lever n\u00e5gra av Europas minst k\u00e4nda folkslag sida vid sida och har gjort s\u00e5 i \u00e5rhundraden, ointresserade av de otaliga gr\u00e4nsomdragningar som gjorts. P\u00e5 fr\u00e5gan om de \u00e4r ungrare, polacker, tjecker, slovaker eller ukrainare svarar de: &#171;Vi \u00e4r h\u00e4rifr\u00e5n&#187;. Dagens bes\u00f6k g\u00f6r vi hos huzulerna, n\u00e5gra mil s\u00f6derut, och f\u00e5r inblick i deras v\u00e4rld och en kultur som \u00f6verlevt den kommunistiska eran. Huzulerna har h\u00e5llit fast vid sina traditioner och visar stolt upp sitt hantverk och sina bergsbyar i trakter som fram till slutet av 1800-talet l\u00e5g helt isolerade fr\u00e5n omv\u00e4rlden. Vi visas runt i en av byarna, serveras lunch i ett privat hus och l\u00e5ter oss fascineras av ett av Europas minst k\u00e4nda minoritetsfolk under det att vi tar del av deras unika sedv\u00e4njor och leverne.<\/p>\n\n\n\n<figure class=\"wp-block-image size-full\"><img loading=\"lazy\" decoding=\"async\" width=\"1200\" height=\"775\" src=\"https:\/\/lgtravel.se\/wp-content\/uploads\/2020\/10\/200107-ua038_foto-niklas-bonnemark_b1200.jpg\" alt=\"tv\u00e5 m\u00e4n st\u00e5r upp p\u00e5 en vagn som dras av tv\u00e5 h\u00e4star\" class=\"wp-image-6025\" srcset=\"https:\/\/lgtravel.se\/wp-content\/uploads\/2020\/10\/200107-ua038_foto-niklas-bonnemark_b1200.jpg 1200w, https:\/\/lgtravel.se\/wp-content\/uploads\/2020\/10\/200107-ua038_foto-niklas-bonnemark_b1200-300x194.jpg 300w, https:\/\/lgtravel.se\/wp-content\/uploads\/2020\/10\/200107-ua038_foto-niklas-bonnemark_b1200-1024x661.jpg 1024w, https:\/\/lgtravel.se\/wp-content\/uploads\/2020\/10\/200107-ua038_foto-niklas-bonnemark_b1200-768x496.jpg 768w\" sizes=\"(max-width: 1200px) 100vw, 1200px\" \/><figcaption class=\"wp-element-caption\">Vardagsliv i en bergsby i ukrainska Karpaterna. Foto: Niklas B\u00f6nnemark.<\/figcaption><\/figure>\n\n\n\n<p>Fyllda av \u00f6verv\u00e4ldigande intryck \u00e5terv\u00e4nder vi p\u00e5 eftermiddagen till Tatariv och v\u00e5r behagliga logi, som kanske lockar med en spabehandling. Annars lockar omgivningarna med st\u00e4rkande promenader.<\/p>\n\n\n\n<p>Middag p\u00e5 kv\u00e4llen.<\/p>\n\n\n\n<h4 class=\"wp-block-heading\" id=\"dag-7-torsdag-29-april\">Dag 7 |<\/h4>\n\n\n\n<h3 class=\"wp-block-heading\" id=\"tatariv-lviv-bussresa-22-mil\"><strong>Tatariv\u2013Lviv (bussresa 22 mil)<\/strong><\/h3>\n\n\n\n<p>Efter frukost inleder vi dagen med en jeeptur upp i de omkringliggande bergen f\u00f6r att njuta av panoramavyerna samt av en f\u00f6rst\u00e4rkt frukost i form av provsmakning av lokala ostar och en skv\u00e4tt lokalt vin. D\u00e4refter \u00e4r vi redo f\u00f6r dagens vidaref\u00e4rd som tar oss norrut, f\u00f6rst till staden Iv\u00e1no-Frank\u00edvsk, d\u00e4r vi g\u00f6r en rundtur och lunchpaus.<\/p>\n\n\n\n<p>Sedan forts\u00e4tter vi till Lviv, huvudort i den historiska regionen Galizien (inte att f\u00f6rv\u00e4xla med spanska Galicien) och med en omtumlande historia.<\/p>\n\n\n\n<p class=\"has-background\" style=\"background-color:#f4f4f4\">Eftersom staden Lviv &#171;bytt&#187; nationalitet fem g\u00e5nger under 1900-talet, \u00e4r Lviv \u00e4ven k\u00e4nd under andra namn. Den som f\u00f6ddes h\u00e4r under f\u00f6rsta v\u00e4rldskriget blev \u00f6sterrikisk unders\u00e5te och bodde i Lemberg, stadens tyska namn. 1918 kollapsade det \u00f6sterrikiska kejsard\u00f6met och efter en av de ryska bolsjevikerna underst\u00f6dd revolution utropades den kortlivade Folkrepubliken V\u00e4stukraina. Polska styrkor ockuperade omr\u00e5det redan \u00e5ret d\u00e4rp\u00e5 och efter Versaillesfreden hamnade Lemberg i det \u00e5teruppst\u00e5ndna Polen och blev polska Lw\u00f3w. Efter tysk ockupation 1941-44 er\u00f6vrades staden av r\u00f6da arm\u00e9n, inf\u00f6rlivades i Sovjetunionen och fick det ryska namnet Lvov. Och n\u00e4r Sovjetunionen uppl\u00f6stes 1991 blev man en del av det sj\u00e4lvst\u00e4ndiga Ukraina och bor i Lviv.<\/p>\n\n\n\n<p>Vi tillbringar tv\u00e5 n\u00e4tter \u201dst\u00e5ndsm\u00e4ssigt\u201d p\u00e5 stadens paradhotell Grand Hotel Lviv (*****) fr\u00e5n f\u00f6rra sekelskiftet, bel\u00e4get mitt i centrum av denna f\u00f6r m\u00e5nga helt ok\u00e4nda p\u00e4rla till stad.<\/p>\n\n\n\n<p>Efter incheckning g\u00f6r vi en kv\u00e4llspromenad till en h\u00e4rlig ukrainsk restaurang och avnjuter en uts\u00f6kt gemensam middag.<\/p>\n\n\n\n<figure class=\"wp-block-embed is-type-video is-provider-youtube wp-block-embed-youtube wp-embed-aspect-16-9 wp-has-aspect-ratio\"><div class=\"wp-block-embed__wrapper\">\n<iframe title=\"Ukrainian Food Review - 5 traditional dishes to eat in Lviv, Ukraine\" width=\"1200\" height=\"675\" src=\"https:\/\/www.youtube.com\/embed\/R012xnuZ094?feature=oembed\" frameborder=\"0\" allow=\"accelerometer; autoplay; clipboard-write; encrypted-media; gyroscope; picture-in-picture; web-share\" referrerpolicy=\"strict-origin-when-cross-origin\" allowfullscreen loading=\"lazy\"><\/iframe>\n<\/div><figcaption class=\"wp-element-caption\">Samuel och Audrey provar ukrainsk husmanskost i Lviv <a href=\"https:\/\/www.youtube.com\/watch?v=R012xnuZ094\" target=\"_blank\" rel=\"noreferrer noopener\">p\u00e5 sin Youtubekanal<\/a>.<\/figcaption><\/figure>\n\n\n\n<h4 class=\"wp-block-heading\" id=\"dag-8-fredag-30-april\">Dag 8 |<\/h4>\n\n\n\n<h3 class=\"wp-block-heading\" id=\"lviv\"><strong>Lviv<\/strong><\/h3>\n\n\n\n<div class=\"wp-block-columns is-layout-flex wp-container-core-columns-is-layout-9d6595d7 wp-block-columns-is-layout-flex\">\n<div class=\"wp-block-column is-layout-flow wp-block-column-is-layout-flow\">\n<figure class=\"wp-block-image size-large\"><img loading=\"lazy\" decoding=\"async\" width=\"1024\" height=\"683\" src=\"https:\/\/lgtravel.se\/wp-content\/uploads\/2020\/06\/lviv-tuanmaciek-pixabay_b1200-1024x683.jpg\" alt=\"uteservering p\u00e5 en g\u00e5gata\" class=\"wp-image-2252\" srcset=\"https:\/\/lgtravel.se\/wp-content\/uploads\/2020\/06\/lviv-tuanmaciek-pixabay_b1200-1024x683.jpg 1024w, https:\/\/lgtravel.se\/wp-content\/uploads\/2020\/06\/lviv-tuanmaciek-pixabay_b1200-300x200.jpg 300w, https:\/\/lgtravel.se\/wp-content\/uploads\/2020\/06\/lviv-tuanmaciek-pixabay_b1200-768x512.jpg 768w, https:\/\/lgtravel.se\/wp-content\/uploads\/2020\/06\/lviv-tuanmaciek-pixabay_b1200.jpg 1200w\" sizes=\"(max-width: 1024px) 100vw, 1024px\" \/><figcaption class=\"wp-element-caption\">Lviv, Ukraina. Foto: tuanMaciek\/Pixabay.<\/figcaption><\/figure>\n<\/div>\n\n\n\n<div class=\"wp-block-column is-layout-flow wp-block-column-is-layout-flow\">\n<p>Dagen \u00e4gnar vi \u00e5t Lviv, en stad som mirakul\u00f6st nog klarade sig undan andra v\u00e4rldskrigets f\u00f6rst\u00f6relse.<\/p>\n\n\n\n<p>Innerstaden bjuder p\u00e5 en av Europas mest bed\u00e5rande stadsmilj\u00f6er med v\u00e4lbevarade byggnader fr\u00e5n olika epoker. \u00c5r 1998 uts\u00e5gs Lviv till v\u00e4rldsarv, och under f\u00f6rmiddagens guidade promenad f\u00e5r vi del av s\u00e5v\u00e4l dess turbulenta historia som dess arkitektoniska fr\u00f6jder och k\u00e4nner vingslagen fr\u00e5n ett kosmopolitiskt f\u00f6rflutet d\u00e4r polacker, tyskar, armenier, ukrainare och judar verkat.<\/p>\n<\/div>\n<\/div>\n\n\n\n<p class=\"has-background\" style=\"background-color:#f4f4f4\">Galizien var ett k\u00e4rnomr\u00e5de f\u00f6r den jiddischtalande judiska befolkningen i \u00d6steuropa. Efter andra v\u00e4rldskriget f\u00f6rsk\u00f6ts Polens gr\u00e4nser v\u00e4sterut och de flesta polackerna i Ukraina deporterades till Sibirien eller f\u00f6rdrevs till det tidigare tyska Schlesien i nuvarande sydv\u00e4stra Polen. D\u00e5 var judarna m\u00f6rdade och Stalin befolkade staden med ukrainare \u00f6sterifr\u00e5n. Idag har banden med Polen st\u00e4rkts och atmosf\u00e4ren \u00e4r centraleuropeisk, som en blandning av Prag, Wien och Krak\u00f3w.<br><br>F\u00f6r svenskt vidkommande kan det vara intressant att veta att Karl XII:s trupper anf\u00f6ll staden 1704 och f\u00f6rst\u00f6rde dess borg, som efter det aldrig \u00e5teruppbyggdes.<\/p>\n\n\n\n<p>Dagens lunch \u00e4r p\u00e5 egen hand, men p\u00e5 kv\u00e4llen v\u00e4ntar en st\u00e4mningsfull restaurang med en h\u00e4rlig avslutningsmiddag.<\/p>\n\n\n\n<h4 class=\"wp-block-heading\" id=\"dag-9-lordag-1-maj\">Dag 9 |<\/h4>\n\n\n\n<h3 class=\"wp-block-heading\" id=\"lviv-och-flyg-till-kopenhamn\"><strong>Lviv och flyg till K\u00f6penhamn<\/strong><\/h3>\n\n\n\n<p>F\u00f6rmiddagen p\u00e5 egen hand i f\u00f6rtjusande Lviv, och vid 14-tiden checkar vi ut f\u00f6r en runda med buss i stadens omgivningar, bland annat till ruinerna av den gamla borgen varifr\u00e5n man har en formidabel utsikt \u00f6ver staden. Vi hinner \u00e4ven med n\u00e5got ytterligare intressant bes\u00f6k innan vi sl\u00e4pps av p\u00e5 flygplatsen runt kl. 17.30.<\/p>\n\n\n\n<figure class=\"wp-block-image size-full\"><img loading=\"lazy\" decoding=\"async\" width=\"1200\" height=\"500\" src=\"https:\/\/lgtravel.se\/wp-content\/uploads\/2020\/10\/lviv_collage.jpg\" alt=\"fyra stadsvyer\" class=\"wp-image-6099\" srcset=\"https:\/\/lgtravel.se\/wp-content\/uploads\/2020\/10\/lviv_collage.jpg 1200w, https:\/\/lgtravel.se\/wp-content\/uploads\/2020\/10\/lviv_collage-300x125.jpg 300w, https:\/\/lgtravel.se\/wp-content\/uploads\/2020\/10\/lviv_collage-1024x427.jpg 1024w, https:\/\/lgtravel.se\/wp-content\/uploads\/2020\/10\/lviv_collage-768x320.jpg 768w\" sizes=\"(max-width: 1200px) 100vw, 1200px\" \/><\/figure>\n\n\n\n<p>Flygavg\u00e5ng med Wizz Air kl. 19.40, och direktflyget till K\u00f6penhamn tar knappt tv\u00e5 timmar. Eftersom vi f\u00e5r st\u00e4lla tillbaka klockan en timme vid hemkomsten, landar vi kl. 20.35.<\/p>\n\n\n\n<p>&nbsp;<\/p>\n\n\n\n<div class=\"wp-block-columns are-vertically-aligned-top is-layout-flex wp-container-core-columns-is-layout-9d6595d7 wp-block-columns-is-layout-flex\">\n<div class=\"wp-block-column is-vertically-aligned-top is-layout-flow wp-block-column-is-layout-flow\">\n<div class=\"wp-block-group has-background\" style=\"background-color:#f4f4f4\"><div class=\"wp-block-group__inner-container is-layout-flow wp-block-group-is-layout-flow\">\n<h2 class=\"wp-block-heading\" id=\"resan-i-korthet\">Resan i korthet<\/h2>\n\n\n\n<p><strong>Dag 1:<\/strong> Flyg K\u00f6penhamn\u2013Kiev. Tre \u00f6vernattningar p\u00e5 <a rel=\"noreferrer noopener\" href=\"https:\/\/ukraine-hotel.kiev.ua\/en\/\" target=\"_blank\">Hotel Ukraina (****)<\/a>.<\/p>\n\n\n\n<p><strong>Dag 2:<\/strong>&nbsp;Kiev.<\/p>\n\n\n\n<p><strong>Dag 3:<\/strong> Kiev och utflykt till Tjernobyl.<\/p>\n\n\n\n<p><strong>Dag 4:<\/strong> Kiev\u2013Kamjanets-Podilskyj. En natt p\u00e5 <a rel=\"noreferrer noopener\" href=\"https:\/\/reikartz.com\/en\/hotels\/kamianets-podolsky\/\" target=\"_blank\">Hotel Reikartz (****)<\/a>.<\/p>\n\n\n\n<p><strong>Dag 5:<\/strong> Kamjanets-Podilskyj\u2013Tjernivtsi\u2013Tatariv. Tv\u00e5 \u00f6vernattningar p\u00e5 <a rel=\"noreferrer noopener\" href=\"https:\/\/koruna.ua\/en\/\" target=\"_blank\">Koruna Mountain Resort (****)<\/a>.<\/p>\n\n\n\n<p><strong>Dag 6:<\/strong> Utflykt i Karpaterna.<\/p>\n\n\n\n<p><strong>Dag 7:<\/strong> Tatariv\u2013Lviv. Tv\u00e5 n\u00e4tter p\u00e5 <a rel=\"noreferrer noopener\" href=\"https:\/\/grand-hotel.com.ua\/en\/\" target=\"_blank\">Grand Hotel Lviv Luxury &amp; Spa (*****)<\/a>.<\/p>\n\n\n\n<p><strong>Dag 8:<\/strong> Lviv.<\/p>\n\n\n\n<p><strong>Dag 9:<\/strong> Lviv och flyg till K\u00f6penhamn.<\/p>\n\n\n\n<p>&nbsp;<\/p>\n\n\n\n<h2 class=\"wp-block-heading\" id=\"praktisk-information\">Praktisk information<\/h2>\n\n\n\n<ul class=\"wp-block-list\">\n<li>Se den officiella sidan <a href=\"https:\/\/visitukraine.today\/\" target=\"_blank\" rel=\"noreferrer noopener\">visitukraine.today<\/a> f\u00f6r regler f\u00f6r inresa m.m.<\/li>\n\n\n\n<li><a href=\"https:\/\/www.swedenabroad.se\/sv\/om-utlandet-f%C3%B6r-svenska-medborgare\/ukraina\/reseinformation\/ambassadens-reseinformation\/\" target=\"_blank\" rel=\"noreferrer noopener\">UD:s reseinformation om resor till Ukraina<\/a><\/li>\n\n\n\n<li><a href=\"https:\/\/www.worldstandards.eu\/electricity\/plug-voltage-by-country\/\" target=\"_blank\" rel=\"noreferrer noopener\">Elkontakter i Ukraina (likadana som i Sverige)<\/a><\/li>\n<\/ul>\n<\/div><\/div>\n\n\n\n<p><\/p>\n<\/div>\n\n\n\n<div class=\"wp-block-column is-vertically-aligned-top is-layout-flow wp-block-column-is-layout-flow\">\n<div class=\"wp-block-group has-background\" style=\"background-color:#f4f4f4\"><div class=\"wp-block-group__inner-container is-layout-flow wp-block-group-is-layout-flow\">\n<h2 class=\"wp-block-heading\" id=\"priser\">Priser<\/h2>\n\n\n\n<p><strong>Grundpris<\/strong> per person i dubbelrum: 18 400 SEK<br><strong>Enkelrumstill\u00e4gg<\/strong> f\u00f6r \u00e5tta n\u00e4tter: 3 100 SEK<\/p>\n\n\n\n<h3 class=\"wp-block-heading\" id=\"i-grundpriset-ingar\">I grundpriset ing\u00e5r<\/h3>\n\n\n\n<ul class=\"wp-block-list\">\n<li>flyg i ekonomiklass med Wizz Air Kastrup\u2013Kiev och Lviv\u2013Kastrup<\/li>\n\n\n\n<li>flygskatter<\/li>\n\n\n\n<li>\u00e5tta \u00f6vernattningar med frukost p\u00e5 hotell enligt program<\/li>\n\n\n\n<li>samtliga transporter i modern helturistbuss enligt program<\/li>\n\n\n\n<li>entr\u00e9er till sev\u00e4rdheter enligt program<\/li>\n\n\n\n<li>sex middagar och sex luncher<\/li>\n\n\n\n<li>lokala skatter och avgifter<\/li>\n\n\n\n<li>svensk reseledare fr\u00e5n LG Travel och ukrainska lokalguider.<\/li>\n<\/ul>\n\n\n\n<p>&nbsp;<\/p>\n\n\n\n<h2 class=\"wp-block-heading\" id=\"intresseanmalan\">Intresseanm\u00e4lan<\/h2>\n\n\n\n<p>S\u00e5 l\u00e4nge svenska <a href=\"https:\/\/lgtravel.se\/ud-avrader-fran-resor\/\" data-type=\"post\" data-id=\"4619\">utrikesdepartementet avr\u00e5der fr\u00e5n icke n\u00f6dv\u00e4ndiga resor till Ukraina<\/a>, tar vi emot <strong>intresseanm\u00e4lan<\/strong> till denna resa. N\u00e4r vi vet mer, \u00e5terkommer vi till alla som har anm\u00e4lt sitt intresse f\u00f6r resan.<\/p>\n\n\n\n<p>Intresseanm\u00e4lan \u00e4r inte bindande och kan g\u00f6ras till LG&nbsp;Travel via webbformul\u00e4r (klicka p\u00e5 knappen <strong>KONTAKTA OSS<\/strong> nedan), e-post eller telefon.<\/p>\n<\/div><\/div>\n\n\n\n<p><\/p>\n<\/div>\n<\/div>\n","protected":false},"excerpt":{"rendered":"<p>Ukraina f\u00e4ngslar med h\u00e4nf\u00f6rande natur i Karpaterna, n\u00e5gra av Europas mest v\u00e4lbevarade medeltidsst\u00e4der och en b\u00e5de intressant och kuslig historia. F\u00f6lj med och m\u00f6t v\u00e5ren n\u00e5gra veckor innan den n\u00e5r Sverige. Kiev, Kamjanets-Podilskyj, Tatariv och LvivUkrainaN\u00e4sta planerade avg\u00e5ng: s\u00e5 snart det \u00e4r m\u00f6jligt att resa till Ukraina &nbsp; V\u00e5r resa g\u00e5r genom v\u00e4stra Ukraina, omr\u00e5den &#8230; <a title=\"Fr\u00e5n gyllene Kiev till Karpaterna \u2013 en resa genom v\u00e4stra Ukraina\" class=\"read-more\" href=\"https:\/\/lgtravel.se\/ru\/resor\/vastra-ukraina\/\" aria-label=\"\u041f\u0440\u043e\u0447\u0438\u0442\u0430\u0442\u044c \u0431\u043e\u043b\u044c\u0448\u0435 \u043e Fr\u00e5n gyllene Kiev till Karpaterna \u2013 en resa genom v\u00e4stra Ukraina\">\u0427\u0438\u0442\u0430\u0442\u044c \u0434\u0430\u043b\u0435\u0435<\/a><\/p>\n","protected":false},"featured_media":2252,"parent":0,"template":"","categories":[98],"tags":[166],"class_list":["post-6021","resor","type-resor","status-publish","has-post-thumbnail","hentry","category-resor","tag-uppdateras"],"acf":[],"_links":{"self":[{"href":"https:\/\/lgtravel.se\/ru\/wp-json\/wp\/v2\/resor\/6021","targetHints":{"allow":["GET"]}}],"collection":[{"href":"https:\/\/lgtravel.se\/ru\/wp-json\/wp\/v2\/resor"}],"about":[{"href":"https:\/\/lgtravel.se\/ru\/wp-json\/wp\/v2\/types\/resor"}],"version-history":[{"count":0,"href":"https:\/\/lgtravel.se\/ru\/wp-json\/wp\/v2\/resor\/6021\/revisions"}],"wp:featuredmedia":[{"embeddable":true,"href":"https:\/\/lgtravel.se\/ru\/wp-json\/wp\/v2\/media\/2252"}],"wp:attachment":[{"href":"https:\/\/lgtravel.se\/ru\/wp-json\/wp\/v2\/media?parent=6021"}],"wp:term":[{"taxonomy":"category","embeddable":true,"href":"https:\/\/lgtravel.se\/ru\/wp-json\/wp\/v2\/categories?post=6021"},{"taxonomy":"post_tag","embeddable":true,"href":"https:\/\/lgtravel.se\/ru\/wp-json\/wp\/v2\/tags?post=6021"}],"curies":[{"name":"wp","href":"https:\/\/api.w.org\/{rel}","templated":true}]}}