{"id":6418,"date":"2020-12-19T14:51:06","date_gmt":"2020-12-19T13:51:06","guid":{"rendered":"https:\/\/lgtravel.se\/?post_type=resor&#038;p=6418"},"modified":"2024-05-14T10:29:07","modified_gmt":"2024-05-14T08:29:07","slug":"tjeckiska-frojder-vallustiga-skritt-med-tag-och-buss-genom-bohmen","status":"publish","type":"resor","link":"https:\/\/lgtravel.se\/ru\/resor\/tjeckiska-frojder-vallustiga-skritt-med-tag-och-buss-genom-bohmen\/","title":{"rendered":"Tjeckiska fr\u00f6jder \u2013 v\u00e4llustiga skritt med t\u00e5g och buss genom B\u00f6hmen"},"content":{"rendered":"<div class=\"wp-block-image\">\n<figure class=\"aligncenter size-full\"><img fetchpriority=\"high\" decoding=\"async\" width=\"1140\" height=\"760\" src=\"https:\/\/lgtravel.se\/wp-content\/uploads\/2020\/11\/karlovy-vary_sergey-mind-l5t-gex55bo-unsplash_b1140.jpg\" alt=\"h\u00e4st och vagn p\u00e5 ett torg\" class=\"wp-image-6423\" srcset=\"https:\/\/lgtravel.se\/wp-content\/uploads\/2020\/11\/karlovy-vary_sergey-mind-l5t-gex55bo-unsplash_b1140.jpg 1140w, https:\/\/lgtravel.se\/wp-content\/uploads\/2020\/11\/karlovy-vary_sergey-mind-l5t-gex55bo-unsplash_b1140-300x200.jpg 300w, https:\/\/lgtravel.se\/wp-content\/uploads\/2020\/11\/karlovy-vary_sergey-mind-l5t-gex55bo-unsplash_b1140-1024x683.jpg 1024w, https:\/\/lgtravel.se\/wp-content\/uploads\/2020\/11\/karlovy-vary_sergey-mind-l5t-gex55bo-unsplash_b1140-768x512.jpg 768w\" sizes=\"(max-width: 1140px) 100vw, 1140px\" \/><figcaption class=\"wp-element-caption\">Karlovy Vary. <span>Photo by <a href=\"https:\/\/unsplash.com\/@miseriv?utm_source=unsplash&amp;utm_medium=referral&amp;utm_content=creditCopyText\">Sergey Mind<\/a> on <a href=\"https:\/\/unsplash.com\/s\/photos\/karlovy-vary?utm_source=unsplash&amp;utm_medium=referral&amp;utm_content=creditCopyText\">Unsplash<\/a><\/span><\/figcaption><\/figure>\n<\/div>\n\n\n<h2 class=\"wp-block-heading\" id=\"folj-med-pa-var-veckolanga-njutarresa-med-tag-och-langs-landsvagar-genom-bohmen-efter-nattfarja-fran-trelleborg-vantar-intercitytagets-forstaklasskomfort-med-fard-till-dresden-och-till-bohmiska-schweiz-i-norra-tjeckien\">F\u00f6lj med p\u00e5 v\u00e5r veckol\u00e5nga njutarresa med t\u00e5g och l\u00e4ngs landsv\u00e4gar genom B\u00f6hmen. Efter nattf\u00e4rja fr\u00e5n Trelleborg v\u00e4ntar intercityt\u00e5gets f\u00f6rstaklasskomfort med f\u00e4rd till Dresden och till B\u00f6hmiska Schweiz i norra Tjeckien.<\/h2>\n\n\n\n<h2 class=\"wp-block-heading\" id=\"tagresor-varvas-med-roadtrips-genom-de-vackraste-tjeckiska-nejderna-med-prag-sagostaden-cesky-krumlov-olspa-i-klassisk-kurort-och-mycket-annat-samt-utsokta-maltidsupplevelser-pa-vara-noggrant-utvalda-favoritrestauranger-dar-pilsnern-flodar-i-skummande-bagare\">T\u00e5gresor varvas med <em>roadtrips<\/em> genom de vackraste tjeckiska nejderna med Prag, sagostaden \u010cesk\u00fd Krumlov, \u00f6lspa i klassisk kurort och mycket annat samt uts\u00f6kta m\u00e5ltidsupplevelser p\u00e5 v\u00e5ra noggrant utvalda favoritrestauranger d\u00e4r pilsnern fl\u00f6dar i skummande b\u00e4gare.<\/h2>\n\n\n\n<h3 class=\"wp-block-heading\" id=\"bohmiska-schweiz-prag-cesky-krumlov-karlovy-varytjeckiendatum-tillkannages-senare\">B\u00f6hmiska Schweiz, Prag, \u010cesk\u00fd Krumlov, Karlovy Vary<br>Tjeckien<br>N\u00e4sta planerade avg\u00e5ng: h\u00f6sten 2024<\/h3>\n\n\n\n\r\n            \r\n            \r\n            \r\n            <a name='map40'><\/a>\r\n            \r\n            \r\n            \r\n            \r\n            <div class=\"wpgmza_map \"  id=\"wpgmza_map_40\" style=\"display:block; overflow:auto; width:100%; height:400px; float:left;\" data-settings=\"{&quot;id&quot;:&quot;40&quot;,&quot;map_title&quot;:&quot;Tjeckiska fr\\u00f6jder&quot;,&quot;map_width&quot;:&quot;100&quot;,&quot;map_height&quot;:&quot;400&quot;,&quot;map_start_lat&quot;:&quot;51.572922&quot;,&quot;map_start_lng&quot;:&quot;14.139047&quot;,&quot;map_start_location&quot;:&quot;51.572922,14.139047&quot;,&quot;map_start_zoom&quot;:&quot;6&quot;,&quot;default_marker&quot;:&quot;&quot;,&quot;type&quot;:&quot;1&quot;,&quot;alignment&quot;:&quot;2&quot;,&quot;directions_enabled&quot;:&quot;1&quot;,&quot;styling_enabled&quot;:&quot;0&quot;,&quot;styling_json&quot;:&quot;&quot;,&quot;active&quot;:&quot;0&quot;,&quot;kml&quot;:&quot;&quot;,&quot;bicycle&quot;:&quot;0&quot;,&quot;traffic&quot;:&quot;0&quot;,&quot;dbox&quot;:&quot;1&quot;,&quot;dbox_width&quot;:&quot;100&quot;,&quot;listmarkers&quot;:&quot;0&quot;,&quot;listmarkers_advanced&quot;:&quot;0&quot;,&quot;filterbycat&quot;:&quot;0&quot;,&quot;ugm_enabled&quot;:&quot;0&quot;,&quot;ugm_category_enabled&quot;:&quot;0&quot;,&quot;fusion&quot;:&quot;&quot;,&quot;map_width_type&quot;:&quot;\\\\%&quot;,&quot;map_height_type&quot;:&quot;px&quot;,&quot;mass_marker_support&quot;:&quot;0&quot;,&quot;ugm_access&quot;:&quot;0&quot;,&quot;order_markers_by&quot;:&quot;1&quot;,&quot;order_markers_choice&quot;:&quot;2&quot;,&quot;show_user_location&quot;:&quot;2&quot;,&quot;default_to&quot;:&quot;&quot;,&quot;other_settings&quot;:{&quot;store_locator_style&quot;:&quot;legacy&quot;,&quot;wpgmza_store_locator_radius_style&quot;:&quot;legacy&quot;,&quot;directions_box_style&quot;:&quot;modern&quot;,&quot;show_distance_from_location&quot;:0,&quot;map_max_zoom&quot;:&quot;3&quot;,&quot;map_min_zoom&quot;:&quot;21&quot;,&quot;sl_stroke_color&quot;:&quot;&quot;,&quot;sl_stroke_opacity&quot;:&quot;&quot;,&quot;sl_fill_color&quot;:&quot;&quot;,&quot;sl_fill_opacity&quot;:&quot;&quot;,&quot;jump_to_nearest_marker_on_initialization&quot;:0,&quot;automatically_pan_to_users_location&quot;:0,&quot;override_users_location_zoom_level&quot;:0,&quot;click_open_link&quot;:2,&quot;hide_point_of_interest&quot;:false,&quot;fit_maps_bounds_to_markers&quot;:false,&quot;fit_maps_bounds_to_markers_after_filtering&quot;:false,&quot;wpgmza_auto_night&quot;:0,&quot;transport_layer&quot;:0,&quot;polygon_labels&quot;:false,&quot;enable_marker_ratings&quot;:false,&quot;iw_primary_color&quot;:&quot;2A3744&quot;,&quot;iw_accent_color&quot;:&quot;252F3A&quot;,&quot;iw_text_color&quot;:&quot;FFFFFF&quot;,&quot;wpgmza_iw_type&quot;:&quot;0&quot;,&quot;list_markers_by&quot;:&quot;0&quot;,&quot;push_in_map&quot;:&quot;&quot;,&quot;push_in_map_placement&quot;:&quot;9&quot;,&quot;wpgmza_push_in_map_width&quot;:&quot;&quot;,&quot;wpgmza_push_in_map_height&quot;:&quot;&quot;,&quot;wpgmza_theme_data&quot;:&quot;[{\\&quot;featureType\\&quot;: \\&quot;administrative.locality\\&quot;, \\&quot;elementType\\&quot;: \\&quot;all\\&quot;, \\&quot;stylers\\&quot;: [{\\&quot;hue\\&quot;: \\&quot;#2c2e33\\&quot;}, {\\&quot;saturation\\&quot;: 7}, {\\&quot;lightness\\&quot;: 19}, {\\&quot;visibility\\&quot;: \\&quot;on\\&quot;}]}, {\\&quot;featureType\\&quot;: \\&quot;landscape\\&quot;, \\&quot;elementType\\&quot;: \\&quot;all\\&quot;, \\&quot;stylers\\&quot;: [{\\&quot;hue\\&quot;: \\&quot;#ffffff\\&quot;}, {\\&quot;saturation\\&quot;: -100}, {\\&quot;lightness\\&quot;: 100}, {\\&quot;visibility\\&quot;: \\&quot;simplified\\&quot;}]}, {\\&quot;featureType\\&quot;: \\&quot;poi\\&quot;, \\&quot;elementType\\&quot;: \\&quot;all\\&quot;, \\&quot;stylers\\&quot;: [{\\&quot;hue\\&quot;: \\&quot;#ffffff\\&quot;}, {\\&quot;saturation\\&quot;: -100}, {\\&quot;lightness\\&quot;: 100}, {\\&quot;visibility\\&quot;: \\&quot;off\\&quot;}]}, {\\&quot;featureType\\&quot;: \\&quot;road\\&quot;, \\&quot;elementType\\&quot;: \\&quot;geometry\\&quot;, \\&quot;stylers\\&quot;: [{\\&quot;hue\\&quot;: \\&quot;#bbc0c4\\&quot;}, {\\&quot;saturation\\&quot;: -93}, {\\&quot;lightness\\&quot;: 31}, {\\&quot;visibility\\&quot;: \\&quot;simplified\\&quot;}]}, {\\&quot;featureType\\&quot;: \\&quot;road\\&quot;, \\&quot;elementType\\&quot;: \\&quot;labels\\&quot;, \\&quot;stylers\\&quot;: [{\\&quot;hue\\&quot;: \\&quot;#bbc0c4\\&quot;}, {\\&quot;saturation\\&quot;: -93}, {\\&quot;lightness\\&quot;: 31}, {\\&quot;visibility\\&quot;: \\&quot;on\\&quot;}]}, {\\&quot;featureType\\&quot;: \\&quot;road.arterial\\&quot;, \\&quot;elementType\\&quot;: \\&quot;labels\\&quot;, \\&quot;stylers\\&quot;: [{\\&quot;hue\\&quot;: \\&quot;#bbc0c4\\&quot;}, {\\&quot;saturation\\&quot;: -93}, {\\&quot;lightness\\&quot;: -2}, {\\&quot;visibility\\&quot;: \\&quot;simplified\\&quot;}]}, {\\&quot;featureType\\&quot;: \\&quot;road.local\\&quot;, \\&quot;elementType\\&quot;: \\&quot;geometry\\&quot;, \\&quot;stylers\\&quot;: [{\\&quot;hue\\&quot;: \\&quot;#e9ebed\\&quot;}, {\\&quot;saturation\\&quot;: -90}, {\\&quot;lightness\\&quot;: -8}, {\\&quot;visibility\\&quot;: \\&quot;simplified\\&quot;}]}, {\\&quot;featureType\\&quot;: \\&quot;transit\\&quot;, \\&quot;elementType\\&quot;: \\&quot;all\\&quot;, \\&quot;stylers\\&quot;: [{\\&quot;hue\\&quot;: \\&quot;#e9ebed\\&quot;}, {\\&quot;saturation\\&quot;: 10}, {\\&quot;lightness\\&quot;: 69}, {\\&quot;visibility\\&quot;: \\&quot;on\\&quot;}]}, {\\&quot;featureType\\&quot;: \\&quot;water\\&quot;, \\&quot;elementType\\&quot;: \\&quot;all\\&quot;, \\&quot;stylers\\&quot;: [{\\&quot;hue\\&quot;: \\&quot;#e9ebed\\&quot;}, {\\&quot;saturation\\&quot;: -78}, {\\&quot;lightness\\&quot;: 67}, {\\&quot;visibility\\&quot;: \\&quot;simplified\\&quot;}]}, {\\&quot;featureType\\&quot;: \\&quot;administrative.country\\&quot;, \\&quot;stylers\\&quot;: [{\\&quot;weight\\&quot;: 3}]}, {\\&quot;featureType\\&quot;: \\&quot;administrative.province\\&quot;, \\&quot;stylers\\&quot;: [{\\&quot;visibility\\&quot;: \\&quot;off\\&quot;}]}]&quot;,&quot;upload_default_ul_marker&quot;:&quot;&quot;,&quot;upload_default_sl_marker&quot;:&quot;&quot;,&quot;wpgmza_dbox_width_type&quot;:&quot;%&quot;,&quot;default_from&quot;:&quot;&quot;,&quot;directions_behaviour&quot;:&quot;default&quot;,&quot;force_google_directions_app&quot;:false,&quot;directions_route_origin_icon&quot;:&quot;https:\\\/\\\/lgtravel.se\\\/wp-content\\\/plugins\\\/wp-google-maps\\\/images\\\/spotlight-poi2.png&quot;,&quot;retina&quot;:false,&quot;directions_route_destination_icon&quot;:&quot;https:\\\/\\\/lgtravel.se\\\/wp-content\\\/plugins\\\/wp-google-maps\\\/images\\\/spotlight-poi2.png&quot;,&quot;directions_route_stroke_color&quot;:&quot;#4f8df5&quot;,&quot;directions_route_stroke_weight&quot;:&quot;4&quot;,&quot;directions_route_stroke_opacity&quot;:&quot;0.8&quot;,&quot;enable_advanced_custom_fields_integration&quot;:false,&quot;enable_toolset_woocommerce_integration&quot;:false,&quot;shortcodeAttributes&quot;:{&quot;id&quot;:&quot;40&quot;}}}\" data-map-id='40' data-shortcode-attributes=\"{&quot;id&quot;:&quot;40&quot;}\"> <\/div>\r\n            \r\n               \r\n        <div style=\"display:block; width:100%;\">\r\n\t\t\t\t\r\n\t\t\t\t<div class=\"wpgmza-directions-box wpgmaps_directions_outer_div style-modern\" data-map-id=\"40\" style=\"width:100%;display:none;clear:both;\" id=\"wpgmaps_directions_edit_40\">\n\t<h2 class=\"wpgmza-directions-box__title\">\u041c\u0430\u0440\u0448\u0440\u0443\u0442<\/h2>\n\t\n\t<div class=\"wpgmza-directions-box-inner\" id=\"wpgmaps_directions_editbox_40\">\n\t\t<div class=\"wpgmza-directions-actions wpgmza-form-field\">\n\t\t\t<div class=\"wpgmza-directions__travel-mode\">\n\t\t\t\t<span class=\"wpgmza-travel-mode-option wpgmza-travel-option__selected\" data-mode=\"driving\">\n\t\t\t\t\t<img decoding=\"async\" src=\"https:\/\/lgtravel.se\/wp-content\/plugins\/wp-google-maps-pro\/images\/icons\/directions_car.png\" loading=\"lazy\">\n\t\t\t\t<\/span>\n\t\t\t\t<span class=\"wpgmza-travel-mode-option\" data-mode=\"walking\">\n\t\t\t\t\t<img decoding=\"async\" src=\"https:\/\/lgtravel.se\/wp-content\/plugins\/wp-google-maps-pro\/images\/icons\/directions_walking.png\" loading=\"lazy\">\n\t\t\t\t<\/span>\n\t\t\t\t<span class=\"wpgmza-travel-mode-option\" data-mode=\"transit\">\n\t\t\t\t\t<img decoding=\"async\" src=\"https:\/\/lgtravel.se\/wp-content\/plugins\/wp-google-maps-pro\/images\/icons\/directions_transit.png\" loading=\"lazy\">\n\t\t\t\t<\/span>\n\t\t\t\t<span class=\"wpgmza-travel-mode-option\" data-mode=\"bicycling\">\n\t\t\t\t\t<img decoding=\"async\" src=\"https:\/\/lgtravel.se\/wp-content\/plugins\/wp-google-maps-pro\/images\/icons\/directions_bike.png\" loading=\"lazy\">\n\t\t\t\t<\/span>\n\t\t\t<\/div>\n\n\t\t\t<div class=\"wpgmza-directions-locations\">\n\t\t\t\t<div class=\"wpgmza-directions-from wpgmza-form-field\">\n\n\t\t\t\t\t<i class=\"wpgmza-directions-from__icon fa fa-circle\"><\/i>\n\t\t\t\n\t\t\t\t\t<label class=\"wpgmza-form-field__label\" for=\"wpgmza_input_from_40\">\n\t\t\t\t\t\t\u041e\u0442\u043a\u0443\u0434\u0430\t\t\t\t\t<\/label>\n\t\t\t\t\t\n\t\t\t\t\t<input class=\"wpgmza-address wpgmza-directions-from wpgmza-form-field__input\" type=\"text\" placeholder=\"\u041e\u0442\u043a\u0443\u0434\u0430\" value=\"\" id=\"wpgmza_input_from_40\" style=\"width:80%;\" aria-label=\"\u041e\u0442\u043a\u0443\u0434\u0430\">\n\t\t\t\t\n\t\t\t\t<\/div>\n\n\t\t\t\t<div class=\"wpgmza-directions-to wpgmza-form-field wpgmaps_to_row\">\n\n\t\t\t\t\t<i class=\"wpgmza-directions-to__icon fa fas fa-map-marker\"><\/i>\n\n\t\t\t\t\t<label class=\"wpgmza-form-field__label\" for=\"wpgmza_input_to_40\">\n\t\t\t\t\t\t\u041a\u0443\u0434\u0430\t\t\t\t\t<\/label>\n\t\t\t\t\t<input class=\"wpgmza-address wpgmza-form-field__input wpgmza-directions-to\" type=\"text\" placeholder=\"\u041a\u0443\u0434\u0430\" value=\"\" id=\"wpgmza_input_to_40\" style=\"width:80%;\" aria-label=\"\u041a\u0443\u0434\u0430\">\n\t\t\t\t<\/div>\n\t\t\t\t\n\t\t\t\t<div class=\"wpgmza-waypoint-via wpgmza-form-field wpgmza-form-field--no-pad wpgmaps_via wpgmaps_template\">\n\n\t\t\t\t\t<i class=\"wpgmza-directions-from__icon fa fa-circle\"><\/i>\n\t\t\t\t\n\t\t\t\t\t<input class=\"wpgmza-waypoint-via wpgmza-form-field__input wpgmaps_via\" type=\"text\" placeholder=\"Via\">\n\t\t\t\t\t\n\t\t\t\t\t<button href=\"javascript:%20;\" class=\"wpgmza_remove_via\">\n\t\t\t\t\t\t<i class=\"fa fa-times\"><\/i>\n\t\t\t\t\t<\/button>\n\t\t\t\t\t\n\t\t\t\t<\/div>\n\t\t\t\t\n\t\t\t\t<div class=\"wpgmza-add-waypoint wpgmza-form-field wpgmza-form-field--no-pad wpgmaps_add_waypoint\">\n\t\t\t\t\t<div class=\"wpgmaps_add_waypoint\">\n\t\t\t\t\t\t<a href=\"javascript:%20;\" class=\"wpgmaps_add_waypoint\" mapid=\"40\">\n\t\t\t\t\t\t\t<i class=\"fa fa-plus-circle\" aria-hidden=\"true\"><\/i>\n\t\t\t\t\t\t\tAdd Waypoint\t\t\t\t\t\t<\/a>\n\t\t\t\t\t<\/div>\n\t\t\t\t<\/div>\n\t\t\t<\/div>\n\n\t\t\t<div class=\"wpgmza-hidden\">\n\t\t\t<label class=\"wpgmza-travel-mode wpgmza-form-field__label\" for=\"wpgmza_dir_type_40\">\n\t\t\t\tFor\t\t\t<\/label>\n\t\t\t<select class=\"wpgmza-travel-mode wpgmza-form-field__input\" name=\"wpgmza_dir_type_40\" id=\"wpgmza_dir_type_40\" aria-label=\"For\">\n\t\t\t\t<option value=\"driving\">\n\t\t\t\t\t\u0421\u043e\u0445\u0440\u0430\u043d\u044f\u044e\t\t\t\t<\/option>\n\t\t\t\t<option value=\"walking\">\n\t\t\t\t\tWalking\t\t\t\t<\/option>\n\t\t\t\t<option value=\"transit\">\n\t\t\t\t\tTransit\t\t\t\t<\/option>\n\t\t\t\t<option value=\"bicycling\">\n\t\t\t\t\tBicycling\t\t\t\t<\/option>\n\t\t\t<\/select>\n\t\t\t<\/div>\n\t\t<\/div>\n\t\t\t\n\t\t<div class=\"wpgmza-directions-options__section\">\n\t\t\t<a href=\"javascript:;\" class=\"wpgmza-show-directions-options\" id=\"wpgmza_show_options_40\" mapid=\"40\">\n\t\t\t\tshow options\t\t\t<\/a>\n\t\t\t\n\t\t\t<a href=\"javascript:;\" class=\"wpgmza-hide-directions-options\" id=\"wpgmza_hide_options_40\" mapid=\"40\">\n\t\t\t\t\u041f\u0440\u043e\u0434\u0432\u0438\u043d\u0443\u0442\u044b\u0435 \u043e\u043f\u0446\u0438\u0438\t\t\t<\/a>\n\t\t\t\n\t\t\t<div class=\"wpgmza-directions-options wpgmza-form-field wpgmza-form-field--no-pad wpgmza_dir_options\">\n\t\t\t\t<label class=\"class\">\n\t\t\t\t\t<input type=\"checkbox\" class=\"wpgmza-avoid-tolls\" value=\"tolls\" name=\"wpgmza_tolls_40\" id=\"wpgmza_tolls_40\">\n\t\t\t\t\tAvoid Tolls\t\t\t\t<\/label>\n\t\t\t\t<label class=\"class\">\n\t\t\t\t\t<input type=\"checkbox\" class=\"wpgmza-avoid-highways\" value=\"highways\" name=\"wpgmza_highways_40\" id=\"wpgmza_highways_40\">\n\t\t\t\t\tAvoid Highways\t\t\t\t<\/label>\n\t\t\t\t<label class=\"class\">\n\t\t\t\t\t<input type=\"checkbox\" class=\"wpgmza-avoid-ferries\" value=\"ferries\" name=\"wpgmza_ferries_40\" id=\"wpgmza_ferries_40\">\n\t\t\t\t\tAvoid Ferries\t\t\t\t<\/label>\n\t\t\t<\/div>\n\t\t<\/div>\n\t\t\n\t<\/div>\n\t\n\t<div class=\"wpgmza-directions-buttons wpgmza-form-field wpgmaps_to_row\">\n\t\t<input class=\"wpgmza-get-directions wpgmaps_get_directions\" onclick=\"javascript: ;\" type=\"button\" value=\"\u041f\u043e\u0435\u0445\u0430\u043b\u0438!\" id=\"40\">\n\t\t\n\t\t<span class=\"wpgmza-directions-result__buttons\">\n\t\t\t<a class=\"wpgmza-print-directions\" style=\"display: none;\" onclick=\"javascript: ;\" mapid=\"40\">\n\t\t\t\t\u041c\u0430\u0440\u0448\u0440\u0443\u0442\t\t\t<\/a>\n\t\t\t\n\t\t\t<a class=\"wpgmza-reset-directions\" style=\"display: none;\" onclick=\"javascript: ;\" mapid=\"40\">\n\t\t\t\t\u041c\u0430\u0440\u0448\u0440\u0443\u0442\t\t\t<\/a>\n\t\t<\/span>\n\t<\/div>\n<\/div>\r\n\t\t\t\t\r\n\t\t\t\t<div id=\"wpgmaps_directions_notification_40\" style=\"display:none;\">\u041c\u0430\u0440\u0448\u0440\u0443\u0442...<\/div>\r\n\t\t\t\t\r\n\t\t\t\t<div id=\"wpgmaps_directions_reset_40\" style=\"display:none;\">\r\n\r\n\t\t\t\t\t<a href='javascript:void(0)' onclick='wpgmza_reset_directions(40);' id='wpgmaps_reset_directions' title='\u041c\u0430\u0440\u0448\u0440\u0443\u0442'>\u041c\u0430\u0440\u0448\u0440\u0443\u0442<\/a>\r\n\t\t\t\t\t<br \/>\r\n\t\t\t\t\t<a href='javascript: ;' id='wpgmaps_print_directions_40' target='_blank' title='\u041c\u0430\u0440\u0448\u0440\u0443\u0442'>\u041c\u0430\u0440\u0448\u0440\u0443\u0442<\/a>\r\n\t\t\t\t<\/div>\r\n\t\t\t\t\r\n\t\t\t\t<div id=\"directions_panel_40\"><\/div>\r\n\r\n\t\t\t<\/div>\n\n\n\n<p><\/p>\n\n\n\n<p><\/p>\n\n\n\n<h4 class=\"wp-block-heading\" id=\"dag-1\">Dag 1 | <\/h4>\n\n\n\n<h3 class=\"wp-block-heading\" id=\"kvallsavgang-fran-trelleborg\">Kv\u00e4llsavg\u00e5ng fr\u00e5n Trelleborg<\/h3>\n\n\n\n<p>Samling p\u00e5 f\u00e4rjeterminalen i Trelleborg kl. 21.30 och incheckning p\u00e5 Stena Lines fotpassagerarterminal, Hamngatan 9, Trelleborg. Inackordering i utsides dubbelhytt (med f\u00f6nster) och f\u00e4rjeavg\u00e5ng till Rostock kl. 22.55.<\/p>\n\n\n\n<h4 class=\"wp-block-heading\" id=\"dag-2\">DAG 2 | <\/h4>\n\n\n\n<h3 class=\"wp-block-heading\" id=\"rostock-dresden-bohmiska-schweiz-med-tag-och-buss\">Rostock\u2013Dresden\u2013B\u00f6hmiska Schweiz med t\u00e5g och buss<\/h3>\n\n\n\n<p>Ankomst till Rostock Seehafen kl. 06.15, d\u00e4r vi efter landstigning m\u00f6ts av en egen transferbuss som k\u00f6r oss till centrum och Rostock Hauptbahnhof. H\u00e4r blir det lite v\u00e4ntan innan Intercityt\u00e5get mot Dresden avg\u00e5r kl. 08.21. Njut av t\u00e5gets f\u00f6rstaklasskomfort under f\u00e4rden genom Tyskland.<\/p>\n\n\n\n<div class=\"wp-block-columns is-layout-flex wp-container-core-columns-is-layout-9d6595d7 wp-block-columns-is-layout-flex\">\n<div class=\"wp-block-column is-layout-flow wp-block-column-is-layout-flow\">\n<figure class=\"wp-block-image size-large\"><img decoding=\"async\" width=\"800\" height=\"800\" src=\"https:\/\/lgtravel.se\/wp-content\/uploads\/2020\/11\/pierre-ducher-2hux8cjupru-unsplash_b800.jpg\" alt=\"gr\u00f6n bil p\u00e5 ett torg\" class=\"wp-image-6439\" srcset=\"https:\/\/lgtravel.se\/wp-content\/uploads\/2020\/11\/pierre-ducher-2hux8cjupru-unsplash_b800.jpg 800w, https:\/\/lgtravel.se\/wp-content\/uploads\/2020\/11\/pierre-ducher-2hux8cjupru-unsplash_b800-300x300.jpg 300w, https:\/\/lgtravel.se\/wp-content\/uploads\/2020\/11\/pierre-ducher-2hux8cjupru-unsplash_b800-150x150.jpg 150w, https:\/\/lgtravel.se\/wp-content\/uploads\/2020\/11\/pierre-ducher-2hux8cjupru-unsplash_b800-768x768.jpg 768w\" sizes=\"(max-width: 800px) 100vw, 800px\" loading=\"lazy\" \/><figcaption class=\"wp-element-caption\">Dresden. <span>Photo by <a href=\"https:\/\/unsplash.com\/@ducher?utm_source=unsplash&amp;utm_medium=referral&amp;utm_content=creditCopyText\">Pierre Ducher<\/a> on <a href=\"https:\/\/unsplash.com\/s\/photos\/dresden?utm_source=unsplash&amp;utm_medium=referral&amp;utm_content=creditCopyText\">Unsplash<\/a><\/span><\/figcaption><\/figure>\n<\/div>\n\n\n\n<div class=\"wp-block-column is-layout-flow wp-block-column-is-layout-flow\">\n<p>Vi passerar Berlin och anl\u00e4nder till Dresden kl. 12.40. H\u00e4r m\u00f6ter v\u00e5r chartrade buss som tar hand om bagaget, medan vi beger oss till fots p\u00e5 en gemensam promenad genom Dresden och upplever s\u00e5v\u00e4l den \u00e5teruppbyggda Frauenkirche som andra sev\u00e4rdheter.<\/p>\n\n\n\n<p>Njut av en lunch p\u00e5 egen hand innan vi p\u00e5 eftermiddagen \u00e5ter samlas p\u00e5 \u00f6verenskommen upph\u00e4mtningsplats och antr\u00e4der vidaref\u00e4rden l\u00e4ngs floden Elbe.<\/p>\n\n\n\n<p>Av praktiska sk\u00e4l blir det i st\u00e4llet f\u00f6r t\u00e5g en <em>roadtrip<\/em> med buss f\u00f6r att vi ska kunna avnjuta \u201dSachsiska Schweiz\u201d, ett av Europas mest natursk\u00f6na omr\u00e5den, bel\u00e4get en knapp timmes f\u00e4rd sydost om Dresden. Vi tar en promenad vid den k\u00e4nda Basteiklippan och forts\u00e4tter sedan n\u00e5gra mil till Tjeckien och sl\u00e5r l\u00e4ger f\u00f6r natten p\u00e5 trevliga&nbsp;Zlat\u00e1 L\u00edpa, en tidigare jaktstuga som byggts om till hotell.<\/p>\n<\/div>\n<\/div>\n\n\n\n<p>Vi installerar oss f\u00f6r en natt och serveras en ypperlig v\u00e4lkomstmiddag i hotellrestaurangen.<\/p>\n\n\n\n<p>Hotellinfo: <a href=\"https:\/\/www.zlatalipa.cz\/hotel-decin-ubytovani-restaurace-vinarna_lang-en\">https:\/\/www.zlatalipa.cz\/hotel-decin-ubytovani-restaurace-vinarna_lang-en<\/a><\/p>\n\n\n\n<h4 class=\"wp-block-heading\" id=\"dag-3\">Dag 3 | <\/h4>\n\n\n\n<h3 class=\"wp-block-heading\" id=\"roadtrip-genom-bohmiska-schweiz-och-vidare-till-prag\"><em>Roadtrip<\/em> genom B\u00f6hmiska Schweiz och vidare till Prag<\/h3>\n\n\n\n<p>\u00c4ven denna dag anv\u00e4nder vi oss av inhyrd buss under f\u00f6rflyttningarna i norra Tjeckien, och f\u00f6rst genom det osannolikt vackra B\u00f6hmiska Schweiz (p\u00e5 tjeckiska \u010cesk\u00e9 \u0160v\u00fdcarsko).<\/p>\n\n\n\n<figure class=\"wp-block-image size-full\"><img decoding=\"async\" width=\"1200\" height=\"600\" src=\"https:\/\/lgtravel.se\/wp-content\/uploads\/2020\/11\/jan-zikan-t4pv4dx7ee8-unsplash_b1200.jpg\" alt=\"landskap med tr\u00e4d och kullar\" class=\"wp-image-6443\" srcset=\"https:\/\/lgtravel.se\/wp-content\/uploads\/2020\/11\/jan-zikan-t4pv4dx7ee8-unsplash_b1200.jpg 1200w, https:\/\/lgtravel.se\/wp-content\/uploads\/2020\/11\/jan-zikan-t4pv4dx7ee8-unsplash_b1200-300x150.jpg 300w, https:\/\/lgtravel.se\/wp-content\/uploads\/2020\/11\/jan-zikan-t4pv4dx7ee8-unsplash_b1200-1024x512.jpg 1024w, https:\/\/lgtravel.se\/wp-content\/uploads\/2020\/11\/jan-zikan-t4pv4dx7ee8-unsplash_b1200-768x384.jpg 768w\" sizes=\"(max-width: 1200px) 100vw, 1200px\" loading=\"lazy\" \/><figcaption class=\"wp-element-caption\">B\u00f6hmiska Schweiz. <span>Photo by <a href=\"https:\/\/unsplash.com\/@janzikan?utm_source=unsplash&amp;utm_medium=referral&amp;utm_content=creditCopyText\">Jan Zik\u00e1n<\/a> on <a href=\"https:\/\/unsplash.com\/s\/photos\/bohemian-switzerland?utm_source=unsplash&amp;utm_medium=referral&amp;utm_content=creditCopyText\">Unsplash<\/a><\/span><\/figcaption><\/figure>\n\n\n\n<p class=\"has-background\" style=\"background-color:#f4f4f4\">Namnet har ingen politisk anknytning till Schweiz utan tillkom under 1800-talets romantiska tidevarv n\u00e4r d\u00e5tidens turister h\u00e4pnade \u00f6ver alplandets sk\u00f6nhet och f\u00f6rs\u00e5g s\u00e4rskilt vackra omr\u00e5den i sin hembygd med tillnamnet \u201dSchweiz\u201d, som h\u00e4r i B\u00f6hmiska Schweiz. P\u00e5 tyska sidan kallas omr\u00e5det f\u00f6r Sachsiska Schweiz, men \u00e4ven p\u00e5 andra h\u00e5ll i Tyskland hittar vi motsvarigheter, som till exempel \u201dFrankiska Schweiz\u201d i norra Bayern och \u201dHolsteinska Schweiz\u201d norr om L\u00fcbeck.<\/p>\n\n\n\n<p>Vackrast \u00e4r \u00e4ndock Sachsiska och B\u00f6hmiska Schweiz med sina m\u00e4ktigt formade sandstensmassiv, och vi g\u00f6r en kort behaglig vandring genom det sagolika landskapet, till klippan Prav\u010dick\u00e1 br\u00e1na (Prebischtor), k\u00e4nd f\u00f6r att vara Europas st\u00f6rsta naturliga sandstensb\u00e5ge. Platsen har f\u00f6rekommit i filmer med fantasymotiv eftersom den s\u00e4regna naturen n\u00e4stan har n\u00e5got overkligt \u00f6ver sig. Efter att ha njutit vyerna beger vi oss en timme s\u00f6derut till Terezin, mer k\u00e4nt under sitt tyska namn Theresienstadt. Hela staden f\u00f6rvandlades till ett judiskt ghetto mellan \u00e5ren 1941 och 1945, och under bes\u00f6k p\u00e5 stadens b\u00e5da museer \u00e5sk\u00e5dligg\u00f6rs dess fasansfulla historia.<\/p>\n\n\n\n<p>Avslutningsvis tar v\u00e5r buss oss till huvudstaden Prag och fyrstj\u00e4rniga&nbsp;Falkensteiner Hotel Maria, d\u00e4r vi tar in f\u00f6r tv\u00e5 n\u00e4tter. Hotellet \u00e4r bel\u00e4get vid Prags centralstation och har d\u00e4rmed g\u00e5ngavst\u00e5nd till innerstadens begivenheter. P\u00e5 aftonen ger vi oss ut till fots i de behagligt upplysta gr\u00e4nderna och upps\u00f6ker en av v\u00e5ra favoritrestauranger f\u00f6r god middag.<\/p>\n\n\n\n<p>Hotellinfo: <a href=\"https:\/\/www.falkensteiner.com\/en\/hotel-maria-prag\">https:\/\/www.falkensteiner.com\/en\/hotel-maria-prag<\/a><\/p>\n\n\n\n<h4 class=\"wp-block-heading\" id=\"dag-4\">Dag 4 | <\/h4>\n\n\n\n<h3 class=\"wp-block-heading\" id=\"prag\">Prag<\/h3>\n\n\n\n<p>Stadsrundtur i Prag g\u00f6r vi med sp\u00e5rvagn och till fots och inleder med Pragborgen, de m\u00e5leriska kvarteren p\u00e5 Lillsidan och f\u00f6rst\u00e5s den m\u00e4ktiga Karlsbron. Promenaden tar oss vidare till Gamla stans torg och till V\u00e1clavplatsen, d\u00e4r en gemensam lunch p\u00e5 en typisk \u00f6lstuga avslutar dagens gemensamma program.<\/p>\n\n\n\n<div class=\"wp-block-columns is-layout-flex wp-container-core-columns-is-layout-9d6595d7 wp-block-columns-is-layout-flex\">\n<div class=\"wp-block-column is-layout-flow wp-block-column-is-layout-flow\">\n<figure class=\"wp-block-image size-large\"><img loading=\"lazy\" decoding=\"async\" width=\"1024\" height=\"682\" src=\"https:\/\/lgtravel.se\/wp-content\/uploads\/2020\/05\/buildings-1207824_1280-1024x682.jpg\" alt=\"\" class=\"wp-image-1230\" srcset=\"https:\/\/lgtravel.se\/wp-content\/uploads\/2020\/05\/buildings-1207824_1280-1024x682.jpg 1024w, https:\/\/lgtravel.se\/wp-content\/uploads\/2020\/05\/buildings-1207824_1280-300x200.jpg 300w, https:\/\/lgtravel.se\/wp-content\/uploads\/2020\/05\/buildings-1207824_1280-768x512.jpg 768w, https:\/\/lgtravel.se\/wp-content\/uploads\/2020\/05\/buildings-1207824_1280.jpg 1280w\" sizes=\"(max-width: 1024px) 100vw, 1024px\" \/><\/figure>\n<\/div>\n\n\n\n<div class=\"wp-block-column is-layout-flow wp-block-column-is-layout-flow\">\n<figure class=\"wp-block-image size-large\"><img loading=\"lazy\" decoding=\"async\" width=\"1024\" height=\"682\" src=\"https:\/\/lgtravel.se\/wp-content\/uploads\/2020\/05\/prague-547842_1280-1024x682.jpg\" alt=\"\" class=\"wp-image-1231\" srcset=\"https:\/\/lgtravel.se\/wp-content\/uploads\/2020\/05\/prague-547842_1280-1024x682.jpg 1024w, https:\/\/lgtravel.se\/wp-content\/uploads\/2020\/05\/prague-547842_1280-300x200.jpg 300w, https:\/\/lgtravel.se\/wp-content\/uploads\/2020\/05\/prague-547842_1280-768x512.jpg 768w, https:\/\/lgtravel.se\/wp-content\/uploads\/2020\/05\/prague-547842_1280.jpg 1280w\" sizes=\"(max-width: 1024px) 100vw, 1024px\" \/><\/figure>\n<\/div>\n<\/div>\n\n\n\n<p>Eftermiddag och kv\u00e4ll st\u00e5r till f\u00f6rfogande f\u00f6r egna uppt\u00e4ckter i Prag. Vi rekommenderar en f\u00f6rest\u00e4llning p\u00e5 Laterna Magica eller \u201dSvarta Teatern\u201d. Eller kanske en konsert eller opera. Aktuellt program kommer, och vi kan vara behj\u00e4lpliga med bokning av biljetter.<\/p>\n\n\n\n<h4 class=\"wp-block-heading\" id=\"dag-5\">Dag 5 | <\/h4>\n\n\n\n<h3 class=\"wp-block-heading\" id=\"prag-ceske-budejovice-cesky-krumlov-med-tag\">Prag\u2013\u010cesk\u00e9 Bud\u011bjovice\u2013\u010cesk\u00fd Krumlov med t\u00e5g<\/h3>\n\n\n\n<p>Efter frukost och utcheckning promenerar vi \u00f6ver till centralstationen, varifr\u00e5n t\u00e5get avg\u00e5r vid niotiden.<\/p>\n\n\n\n<p>Efter en behaglig resa i f\u00f6rstaklass anl\u00e4nder vi efter tv\u00e5 timmar till \u010cesk\u00e9 Bud\u011bjovice i s\u00f6dra B\u00f6hmen och deponerar bagaget p\u00e5 stationen medan vi tar oss runt till fots och med tr\u00e5dbuss i den fina gamla stadsk\u00e4rnan. F\u00f6rst en promenad till centrala torget som \u00e4r uppkallat efter 1200-talskungen Ottokar II, stadens grundare. H\u00e4r v\u00e4ntar lunch p\u00e5 en anrik \u00f6lk\u00e4llare, innan vi forts\u00e4tter till stadens vittbekanta bryggeri d\u00e4r den \u00e4kta Budweiserpilsnern framst\u00e4lls. <\/p>\n\n\n\n<figure class=\"wp-block-image size-large\"><img loading=\"lazy\" decoding=\"async\" width=\"1024\" height=\"512\" src=\"https:\/\/lgtravel.se\/wp-content\/uploads\/2020\/11\/martin-knize-dqphte5wy-u-unsplash_b1200-1024x512.jpg\" alt=\"n\u00e4rbild p\u00e5 \u00f6ltillverkning\" class=\"wp-image-6451\" srcset=\"https:\/\/lgtravel.se\/wp-content\/uploads\/2020\/11\/martin-knize-dqphte5wy-u-unsplash_b1200-1024x512.jpg 1024w, https:\/\/lgtravel.se\/wp-content\/uploads\/2020\/11\/martin-knize-dqphte5wy-u-unsplash_b1200-300x150.jpg 300w, https:\/\/lgtravel.se\/wp-content\/uploads\/2020\/11\/martin-knize-dqphte5wy-u-unsplash_b1200-768x384.jpg 768w, https:\/\/lgtravel.se\/wp-content\/uploads\/2020\/11\/martin-knize-dqphte5wy-u-unsplash_b1200.jpg 1200w\" sizes=\"(max-width: 1024px) 100vw, 1024px\" \/><figcaption class=\"wp-element-caption\">V\u00f6rtpanna i \u010cesk\u00e9 Bud\u011bjovice. <span>Photo by <a href=\"https:\/\/unsplash.com\/@martz90?utm_source=unsplash&amp;utm_medium=referral&amp;utm_content=creditCopyText\">Martin Kn\u00ed\u017ee<\/a> on <a href=\"https:\/\/unsplash.com\/s\/photos\/%C4%8Desk%C3%A9-bud%C4%9Bjovice?utm_source=unsplash&amp;utm_medium=referral&amp;utm_content=creditCopyText\">Unsplash<\/a><\/span><\/figcaption><\/figure>\n\n\n\n<p class=\"has-background\" style=\"background-color:#f4f4f4\">Budweis var det tyska namnet p\u00e5 staden, och bryggeriet Bud\u011bjovick\u00fd Budvar har bedrivit en r\u00e4ttslig strid med amerikanska Anheuser-Buschbryggeriet som under kalla kriget ost\u00f6rt kunde saluf\u00f6ra sin egen Budweiser. Efter kommunismens kollaps blev det emellertid skarpt l\u00e4ge och det tjeckiska originalet h\u00e4vdade sin ensamr\u00e4tt till namnet.<\/p>\n\n\n\n<p>Efter en rundvandring p\u00e5 bryggeriet vidtar s\u00e5klart provsmakning av \u00e4kta Budweiser och efter det \u00e5terv\u00e4nder vi till stationen f\u00f6r cirka 40 minuters t\u00e5gresa till \u010cesk\u00fd Krumlov, en riktig sagostad med bed\u00e5rande l\u00e4ge i en flodkr\u00f6k vid Moldau. Namnet betyder just \u201dB\u00f6hmiska kr\u00f6ken\u201d, och efter minibusstransport fr\u00e5n stationen installerar vi oss f\u00f6r tv\u00e5 n\u00e4tter p\u00e5 charmiga&nbsp;Hotel U Mal\u00e9ho V\u00edtka,&nbsp;med superbt l\u00e4ge mitt i den gamla v\u00e4rldsarvsm\u00e4rkta stadsk\u00e4rnan. Och p\u00e5 kv\u00e4llen v\u00e4ntar ett av v\u00e5ra smultronst\u00e4llen med en v\u00e4lsmakande middag.<\/p>\n\n\n\n<p>Hotellinfo: <a href=\"https:\/\/www.hotelvitek.cz\/en\/\">https:\/\/www.hotelvitek.cz\/en\/<\/a><\/p>\n\n\n\n<h4 class=\"wp-block-heading\" id=\"dag-6\">Dag 6 | <\/h4>\n\n\n\n<h3 class=\"wp-block-heading\" id=\"cesky-krumlov\">\u010cesk\u00fd Krumlov<\/h3>\n\n\n\n<div class=\"wp-block-columns is-layout-flex wp-container-core-columns-is-layout-9d6595d7 wp-block-columns-is-layout-flex\">\n<div class=\"wp-block-column is-layout-flow wp-block-column-is-layout-flow\">\n<p>En ljuvlig dag att tillbringa i en av Europas absolut mest bed\u00e5rande sm\u00e5st\u00e4der. \u010cesk\u00fd Krumlovs tr\u00e5nga vindlande gr\u00e4nder tjusar och \u00e4r en fr\u00f6jd att uppt\u00e4cka. Under f\u00f6rmiddagens gemensamma rundvandring bes\u00f6ker vi stadens borgomr\u00e5de med sin v\u00e4rldsber\u00f6mda rokokoteater.<\/p>\n\n\n\n<p class=\"has-background\" style=\"background-color:#f4f4f4\">Den \u00f6sterrikiske modernistm\u00e5laren Egon Schiele slog sig under n\u00e5gra \u00e5r i b\u00f6rjan av 1910-talet ner i staden (hans mor var f\u00f6dd h\u00e4r) och l\u00e4t sig inspireras till flera verk med stadsmotiv men v\u00e4ckte \u00e4ven best\u00f6rtning genom att hyra in traktens unga flickor som nakenmodeller. I ett tidigare bryggeri har Schielecentret inr\u00e4ttats och i den permanenta utst\u00e4llningen finns m\u00e5nga av hans m\u00e5lningar.<\/p>\n\n\n\n<p>V\u00e5rt gemensamma program avrundas med trevlig lunch, och sedan st\u00e5r eftermiddag och afton till eget f\u00f6rfogande f\u00f6r njutbara promenader och gastronomiska upplevelser i de vackra nejderna.<\/p>\n<\/div>\n\n\n\n<div class=\"wp-block-column is-layout-flow wp-block-column-is-layout-flow\">\n<figure class=\"wp-block-image size-large\"><img loading=\"lazy\" decoding=\"async\" width=\"800\" height=\"800\" src=\"https:\/\/lgtravel.se\/wp-content\/uploads\/2020\/11\/anastasiia-mazurok-gy3scmb7row-unsplash_b800.jpg\" alt=\"f\u00f6nster med lampa i en stenv\u00e4gg\" class=\"wp-image-6454\" srcset=\"https:\/\/lgtravel.se\/wp-content\/uploads\/2020\/11\/anastasiia-mazurok-gy3scmb7row-unsplash_b800.jpg 800w, https:\/\/lgtravel.se\/wp-content\/uploads\/2020\/11\/anastasiia-mazurok-gy3scmb7row-unsplash_b800-300x300.jpg 300w, https:\/\/lgtravel.se\/wp-content\/uploads\/2020\/11\/anastasiia-mazurok-gy3scmb7row-unsplash_b800-150x150.jpg 150w, https:\/\/lgtravel.se\/wp-content\/uploads\/2020\/11\/anastasiia-mazurok-gy3scmb7row-unsplash_b800-768x768.jpg 768w\" sizes=\"(max-width: 800px) 100vw, 800px\" \/><figcaption class=\"wp-element-caption\">\u010cesk\u00fd Krumlov. <span>Photo by <a href=\"https:\/\/unsplash.com\/@saahthay?utm_source=unsplash&amp;utm_medium=referral&amp;utm_content=creditCopyText\">anastasiia mazurok<\/a> on <a href=\"https:\/\/unsplash.com\/s\/photos\/%C4%8Desk%C3%BD-krumlov?utm_source=unsplash&amp;utm_medium=referral&amp;utm_content=creditCopyText\">Unsplash<\/a><\/span><\/figcaption><\/figure>\n\n\n\n<figure class=\"wp-block-image size-large\"><img loading=\"lazy\" decoding=\"async\" width=\"800\" height=\"800\" src=\"https:\/\/lgtravel.se\/wp-content\/uploads\/2020\/11\/yoonsuh-park-laqubr2yli-unsplash_b800.jpg\" alt=\"utsikt \u00f6ver gammal stad genom en glugg i en mur\" class=\"wp-image-6457\" srcset=\"https:\/\/lgtravel.se\/wp-content\/uploads\/2020\/11\/yoonsuh-park-laqubr2yli-unsplash_b800.jpg 800w, https:\/\/lgtravel.se\/wp-content\/uploads\/2020\/11\/yoonsuh-park-laqubr2yli-unsplash_b800-300x300.jpg 300w, https:\/\/lgtravel.se\/wp-content\/uploads\/2020\/11\/yoonsuh-park-laqubr2yli-unsplash_b800-150x150.jpg 150w, https:\/\/lgtravel.se\/wp-content\/uploads\/2020\/11\/yoonsuh-park-laqubr2yli-unsplash_b800-768x768.jpg 768w\" sizes=\"(max-width: 800px) 100vw, 800px\" \/><figcaption class=\"wp-element-caption\">\u010cesk\u00fd Krumlov. <span>Photo by <a href=\"https:\/\/unsplash.com\/@hieveryone?utm_source=unsplash&amp;utm_medium=referral&amp;utm_content=creditCopyText\">Yoonsuh Park<\/a> on <a href=\"https:\/\/unsplash.com\/s\/photos\/%C4%8Desk%C3%BD-krumlov?utm_source=unsplash&amp;utm_medium=referral&amp;utm_content=creditCopyText\">Unsplash<\/a><\/span><\/figcaption><\/figure>\n<\/div>\n<\/div>\n\n\n\n<h4 class=\"wp-block-heading\" id=\"dag-7\">Dag 7 | <\/h4>\n\n\n\n<h3 class=\"wp-block-heading\" id=\"cesky-krumlov-marianske-lazne-med-tag-och-buss\">\u010cesk\u00fd Krumlov\u2013Mari\u00e1nsk\u00e9 L\u00e1zn\u011b med t\u00e5g och buss<\/h3>\n\n\n\n<p>Efter frukost och transport till stationen tar vi plats f\u00f6r en t\u00e5gresa genom n\u00e5gra av Tjeckiens mest betagande glesbygder. T\u00e5glinjen som ringlar sig genom det kuperade v\u00e4stra B\u00f6hmen \u00e4r n\u00e5got av en tjeckisk inlandsbana och byggdes kring 1890, den \u00f6sterrikiska tiden n\u00e4r B\u00f6hmen var en del av det habsburgska kejsard\u00f6met.<\/p>\n\n\n\n<p>F\u00e4rden g\u00e5r i sakta mak fr\u00e5n Cesky Krumlov mot Lipnosj\u00f6n och vidare mot \u0160umavaomr\u00e5det, betraktad som landets mest of\u00f6rst\u00f6rda del. Varken industrier eller krigsf\u00f6r\u00f6delse har st\u00f6rt idyllen av sm\u00e5st\u00e4der och b\u00f6ljande skogslandskap i dessa gr\u00e4nstrakter d\u00e4r Tjeckien, \u00d6sterrike och Tyskland m\u00f6ts.<\/p>\n\n\n\n<p class=\"has-background\" style=\"background-color:#f4f4f4\">Under kalla kriget kl\u00f6v j\u00e4rnrid\u00e5n skogsomr\u00e5det mitt av och den tjeckiska delen var en k\u00e4nslig gr\u00e4nszon med stor milit\u00e4r n\u00e4rvaro och avsp\u00e4rrningar.<\/p>\n\n\n\n<p>Efter en dryg timmes f\u00e4rd byter vi t\u00e5g i \u010cern\u00fd K\u0159\u00ed\u017e (\u201dSvarta Korset\u201d) och forts\u00e4tter sedan ytterligare en timme till Prachatice, d\u00e4r vi m\u00f6ts av en buss f\u00f6r vidare <em>roadtrip<\/em> genom b\u00f6hmiska skogen. F\u00f6rst blir det dock en lunch p\u00e5 bryggerirestaurangen i Prachatices gamla f\u00f6rtjusande stadsk\u00e4rna, d\u00e4r vi s\u00e5klart smakar den lokala pilsnern.<\/p>\n\n\n\n<p class=\"has-background\" style=\"background-color:#f4f4f4\">Gr\u00e4nsomr\u00e5dena i v\u00e4stra och norra B\u00f6hmen var under mellankrigstiden det s\u00e5 kallade Sudetlandet med en stor tysk befolkning som hamnade i Tjeckoslovakien efter habsburgska kejsard\u00f6mets kollaps 1918. Som resultat av M\u00fcnchen\u00f6verenskommelsen 1938 ockuperades Sudetlandet av tyskarna och den tjeckoslovakiska staten stympades. L\u00e4ngs sm\u00e5v\u00e4garna genom det gamla Sudetlandet finns fortfarande enstaka \u00f6vergivna tyska byar som resultat av folkf\u00f6rdrivningen efter 1945, d\u00e5 Tjeckoslovakiens f\u00f6rkrigsgr\u00e4nser \u00e5terst\u00e4lldes och kvarvarande tyskar f\u00f6rdrevs.<\/p>\n\n\n\n<p>Inte l\u00e5ngt fr\u00e5n v\u00e5r f\u00e4rdv\u00e4g har floden Moldau sin k\u00e4lla, vid berget \u010cern\u00e1 hora, och v\u00e5r totala <em>roadtrip<\/em> \u00e4r 20 mil, vilket tar drygt tre timmar.<\/p>\n\n\n\n<p>Vid 17-tiden r\u00e4knar vi med att anl\u00e4nda till legendariska kurorten Marienbad, som numera lystrar till sitt tjeckiska namn Mari\u00e1nsk\u00e9 L\u00e1zn\u011b. Vi tar in f\u00f6r en natt p\u00e5 ett av de klassiska kurhotellen, den fyrstj\u00e4rniga jugendikonen&nbsp;Palace Zvon, och g\u00e5r sedan ut f\u00f6r att dricka brunn i Kolon\u00e1da, den vackra kolonnaden av smidesj\u00e4rn d\u00e4r forna tiders ber\u00f6mdheter flanerade.<\/p>\n\n\n\n<div class=\"wp-block-columns is-layout-flex wp-container-core-columns-is-layout-9d6595d7 wp-block-columns-is-layout-flex\">\n<div class=\"wp-block-column is-layout-flow wp-block-column-is-layout-flow\">\n<figure class=\"wp-block-image size-large\"><img loading=\"lazy\" decoding=\"async\" width=\"800\" height=\"616\" src=\"https:\/\/lgtravel.se\/wp-content\/uploads\/2020\/11\/palacezvon.jpg\" alt=\"flygfoto p\u00e5 ett kvarter med jugendhus\" class=\"wp-image-6461\" srcset=\"https:\/\/lgtravel.se\/wp-content\/uploads\/2020\/11\/palacezvon.jpg 800w, https:\/\/lgtravel.se\/wp-content\/uploads\/2020\/11\/palacezvon-300x231.jpg 300w, https:\/\/lgtravel.se\/wp-content\/uploads\/2020\/11\/palacezvon-768x591.jpg 768w\" sizes=\"(max-width: 800px) 100vw, 800px\" \/><figcaption class=\"wp-element-caption\">Palace Zvon.<\/figcaption><\/figure>\n<\/div>\n\n\n\n<div class=\"wp-block-column is-layout-flow wp-block-column-is-layout-flow\">\n<figure class=\"wp-block-image size-large\"><img loading=\"lazy\" decoding=\"async\" width=\"800\" height=\"616\" src=\"https:\/\/lgtravel.se\/wp-content\/uploads\/2020\/11\/marianske-lazne-455140_1920_b800.jpg\" alt=\"promenadg\u00e5ng\" class=\"wp-image-6465\" srcset=\"https:\/\/lgtravel.se\/wp-content\/uploads\/2020\/11\/marianske-lazne-455140_1920_b800.jpg 800w, https:\/\/lgtravel.se\/wp-content\/uploads\/2020\/11\/marianske-lazne-455140_1920_b800-300x231.jpg 300w, https:\/\/lgtravel.se\/wp-content\/uploads\/2020\/11\/marianske-lazne-455140_1920_b800-768x591.jpg 768w\" sizes=\"(max-width: 800px) 100vw, 800px\" \/><figcaption class=\"wp-element-caption\">Mari\u00e1nsk\u00e9 L\u00e1zn\u011b. Foto: <a href=\"https:\/\/pixabay.com\/sv\/users\/fatherofsa-456711\/?utm_source=link-attribution&amp;utm_medium=referral&amp;utm_campaign=image&amp;utm_content=455140\">Christoph H\u00f6nigschmid<\/a> fr\u00e5n <a href=\"https:\/\/pixabay.com\/sv\/?utm_source=link-attribution&amp;utm_medium=referral&amp;utm_campaign=image&amp;utm_content=455140\">Pixabay<\/a><\/figcaption><\/figure>\n<\/div>\n<\/div>\n\n\n\n<p>Marienbads storhetstid var vid f\u00f6rra sekelskiftet, men under de senaste decennierna har ambiti\u00f6sa projekt syftat till att \u00e5teruppr\u00e4tta den tidigare glansen. Vid sidan av Kolon\u00e1da hittar vi ocks\u00e5 den sjungande font\u00e4nen, och om den behagar vara i drift besk\u00e5dar vi dess musikackompanjerade vattenkaskader, innan vi tar plats p\u00e5 en av restaurangerna f\u00f6r en god middag i sober kurmilj\u00f6.<\/p>\n\n\n\n<p>Hotellinfo: <a href=\"https:\/\/www.hotelpalacezvon.cz\/en\/\">https:\/\/www.hotelpalacezvon.cz\/en\/<\/a><\/p>\n\n\n\n<h4 class=\"wp-block-heading\" id=\"dag-8\">Dag 8 | <\/h4>\n\n\n\n<h3 class=\"wp-block-heading\" id=\"olspa-samt-roadtrip-till-karlovy-vary-och-zatec\">\u00d6lspa samt <em>roadtrip<\/em> till Karlovy Vary och \u017datec<\/h3>\n\n\n\n<p>Marienbads brunnspark och spabehandlingar i all \u00e4ra, men efter frukost checkar vi ut f\u00f6r n\u00e5gra kilometers f\u00e4rd s\u00f6derut till Chodov\u00e1 Plan\u00e1 f\u00f6r att h\u00e4nge oss \u00e5t ett v\u00e4lg\u00f6rande \u00f6lspa, en av resans h\u00f6jdpunkter och inrymt i stadens bryggeri, som \u00e4r ett av Tjeckiens \u00e4ldsta. F\u00f6rutom att \u00f6len som bryggs d\u00e4r naturligtvis i f\u00f6rsta hand \u00e4r t\u00e4nkt att inmundigas, s\u00e5 har Chodovarbryggeriet \u00e4ven ett \u00f6lspa, d\u00e4r man badar i \u00f6l under de vackra gamla tegelvalven i k\u00e4llaren.<\/p>\n\n\n\n<p>Vid ankomst till bryggeriet b\u00f6rjar vi med att krypa ner i badkaren som \u00e4r fyllda med m\u00f6rk \u00f6l, och i badet f\u00e5r alla dessutom en ljus \u00f6l att dricka. F\u00f6rutom vatten kr\u00e4vs det humle, malt och j\u00e4st f\u00f6r att g\u00f6ra \u00f6l. De tre sistn\u00e4mnda ingredienserna p\u00e5st\u00e5s vara ytterst nyttiga f\u00f6r huden, inte minst humle, som s\u00e4gs ha en f\u00f6ryngrande och uppfr\u00e4schande inverkan. Man kan ju alltid hoppas p\u00e5 att det st\u00e4mmer. Annorlunda och rogivande \u00e4r det i alla fall, att ligga d\u00e4r i karet, k\u00e4nna humledoften och smutta p\u00e5 sin \u00f6l. Efter tjugo minuter i \u00f6lbadet \u00e4r det dags f\u00f6r lite avslappning och inlindade i pl\u00e4dar serveras vi ytterligare en \u00f6l i ett speciellt avslappningsrum med d\u00e4mpad belysning. F\u00f6r b\u00e4sta effekt av behandlingen p\u00e5bjuds att man helst ska v\u00e4nta med att duscha tills dagen d\u00e4rp\u00e5, men det g\u00f6r man naturligtvis som man vill.<\/p>\n\n\n\n<p>Vi hinner \u00e4ven med en god lunch p\u00e5 bryggeriet innan det \u00e4r dags f\u00f6r vidare <em>roadtrip<\/em> mot n\u00e4sta kurort. Vi v\u00e4ljer buss \u00e4ven denna dag f\u00f6r att maximera njutningen i det avslappade tillst\u00e5nd vi befinner oss efter \u00f6lspabehandlingen.<\/p>\n\n\n\n<figure class=\"wp-block-image size-large\"><img loading=\"lazy\" decoding=\"async\" width=\"1024\" height=\"512\" src=\"https:\/\/lgtravel.se\/wp-content\/uploads\/2020\/11\/karlovy-vary-1503419_1920_b1200-1024x512.jpg\" alt=\"st\u00e5tlig byggnad i \u00e4nden av en all\u00e9\" class=\"wp-image-6469\" srcset=\"https:\/\/lgtravel.se\/wp-content\/uploads\/2020\/11\/karlovy-vary-1503419_1920_b1200-1024x512.jpg 1024w, https:\/\/lgtravel.se\/wp-content\/uploads\/2020\/11\/karlovy-vary-1503419_1920_b1200-300x150.jpg 300w, https:\/\/lgtravel.se\/wp-content\/uploads\/2020\/11\/karlovy-vary-1503419_1920_b1200-768x384.jpg 768w, https:\/\/lgtravel.se\/wp-content\/uploads\/2020\/11\/karlovy-vary-1503419_1920_b1200.jpg 1200w\" sizes=\"(max-width: 1024px) 100vw, 1024px\" \/><figcaption class=\"wp-element-caption\">Karlovy Vary. Foto: <a href=\"https:\/\/pixabay.com\/sv\/users\/americanet-1606243\/?utm_source=link-attribution&amp;utm_medium=referral&amp;utm_campaign=image&amp;utm_content=1503419\">Lars Hoffmann<\/a> fr\u00e5n <a href=\"https:\/\/pixabay.com\/sv\/?utm_source=link-attribution&amp;utm_medium=referral&amp;utm_campaign=image&amp;utm_content=1503419\">Pixabay<\/a><\/figcaption><\/figure>\n\n\n\n<p>Efter en timmes bussf\u00e4rd n\u00e5r vi Karlsbad, eller Karlovy Vary, som det heter p\u00e5 tjeckiska. I denna kurorternas kurort idkar vi brunnsliv och besk\u00e5dar \u00e4ven h\u00e4r den klassiska elegansen fr\u00e5n f\u00f6rra sekelskiftets glansdagar. Det h\u00e4lsobringande vattnet fr\u00e5n varma k\u00e4llor har i \u00e5rhundraden lockat folk fr\u00e5n n\u00e4r och fj\u00e4rran, och \u00e4n idag dricker man brunn genom att strosa runt med en karakteristisk \u201dkarlbadb\u00e4gare\u201d av porslin, som fylls p\u00e5 vid de olika brunnskranarna runt om i staden. F\u00f6r v\u00e5r del kompletteras det underg\u00f6rande vattnet \u00e4ven med de ljuva dropparna fr\u00e5n den lokala specialiteten Becherovka eller Karlsbader Liquor som det ocks\u00e5 kallas. Den s\u00e4regna &#171;pepparkakssnapsen&#187; framst\u00e4lls i staden och ett studiebes\u00f6k inneb\u00e4r \u00e4ven provsmakning.<\/p>\n\n\n\n<p>Dagens avslutande etapp tar oss till nordb\u00f6hmiska sm\u00e5staden \u017datec, sedan \u00e5rhundraden vida k\u00e4nd f\u00f6r sin \u00e4dla humle som odlas i och kring staden. Mest bekant under sitt tyska namn, Saazhumle, eftersom \u017datecs tyska namn \u00e4r Saaz.<\/p>\n\n\n\n<p>Hotel&nbsp;U Hada \u017datec, ett f\u00f6rtjusande pensionat vid stadens centrala torg, blir v\u00e5rt sista tjeckiska tillh\u00e5ll och aftonen avslutas givetvis med god middag p\u00e5 klassisk \u00f6lstuga och tillh\u00f6rande lokalproducerad pilsner.<\/p>\n\n\n\n<p>Hotellinfo: <a href=\"http:\/\/www.zatec-hotel.cz\/en\/home\">http:\/\/www.zatec-hotel.cz\/en\/home<\/a><\/p>\n\n\n\n<h4 class=\"wp-block-heading\" id=\"dag-9\">Dag 9 | <\/h4>\n\n\n\n<h3 class=\"wp-block-heading\" id=\"zatec-rostock-med-tag-och-vidare-med-nattfarja\">\u017datec\u2013Rostock med t\u00e5g och vidare med nattf\u00e4rja<\/h3>\n\n\n\n<p>Vid tiotiden lastar vi bussen f\u00f6r en avslutande <em>roadtrip<\/em> till stationen i \u00dast\u00ed nad Labem, vilket tar knappt tv\u00e5 timmar.<\/p>\n\n\n\n<p>L\u00e4ngs v\u00e4gen upplever vi en mindre tilltalande del av tjeckiska republiken, n\u00e4mligen Nordb\u00f6hmens brunkolsomr\u00e5den. H\u00e4r str\u00e4cker sig en flera mil l\u00e5ng r\u00e4cka av gruvor och dagbrott som under kommunismen expanderade oh\u00e4mmat utan minsta h\u00e4nsyn till milj\u00f6f\u00f6rst\u00f6ring och f\u00f6r\u00e4rade omr\u00e5det med det f\u00f6ga smickrande \u00f6knamnet \u201dSvarta triangeln\u201d. Vi passerar staden Most, som p\u00e5 1970-talet likt Kirunas p\u00e5g\u00e5ende stadsomvandling flyttades f\u00f6r att ge plats \u00e5t expanderande brunkolsutvinning. Och mitt i alltsammans ligger byn Duchcov, som \u00e4r v\u00e4rldsbekant f\u00f6r sitt slott, d\u00e4r 1700-talets store f\u00f6rf\u00f6rare Giacomo Casanova framlevde de sista tolv \u00e5ren av sitt liv. En av grevarna i \u00e4tten Wallenstein erbj\u00f6d den p\u00e5 flera h\u00e5ll i Europa efterlyste Casanova tj\u00e4nst som bibliotekarie p\u00e5 slottet, och under sina sista \u00e5r skrev han h\u00e4r sina memoarer. Casanova dog 1798 och begravdes i trakten.<\/p>\n\n\n\n<div class=\"wp-block-columns is-layout-flex wp-container-core-columns-is-layout-9d6595d7 wp-block-columns-is-layout-flex\">\n<div class=\"wp-block-column is-layout-flow wp-block-column-is-layout-flow\">\n<p>En annan ort l\u00e4ngs v\u00e5r v\u00e4g \u00e4r Teplice, som p\u00e5 1800-talet \u00e5tnj\u00f6t samma kurortsstatus som Karlsbad och Marienbad. 1900-talets gruvn\u00e4ring \u00f6delade den tidigare idyllen, och Teplice beskrivs numera som en sargad stad.<\/p>\n\n\n\n<p>S\u00e5 blir vi avsl\u00e4ppta vid stationen i \u00dast\u00ed nad Labem och inv\u00e4ntar Intercityt\u00e5get fr\u00e5n Prag, som anl\u00e4nder cirka 13.30. Vi tar plats i f\u00f6rstaklassvagnen och f\u00e4rdas l\u00e4ngs floden Elbe mot Dresden och efter tre timmars bekv\u00e4m t\u00e5gresa blir det byte i Berlin.<\/p>\n\n\n\n<p>Dagens lunch \u00e4r p\u00e5 egen hand och kan intas medan vi v\u00e4ntar p\u00e5 t\u00e5get i \u00dast\u00ed nad Labem eller ombord i restaurangvagnen.<\/p>\n\n\n\n<p>Efter en knapp timmes v\u00e4ntan i Berlin \u00e5ker vi vidare med Intercityt\u00e5get till Rostock, avg\u00e5ng kl. 17.38, och tv\u00e5 timmars resa i f\u00f6rsta klass.<\/p>\n\n\n\n<p>Vid ankomsten till Rostock Hauptbahnhof m\u00f6ter en transferbuss som f\u00f6rst k\u00f6r oss till klassiska sj\u00f6manskrogen Zur Kogge, d\u00e4r vi intar v\u00e5r avskedsmiddag. D\u00e4refter vidare till Rostock Seehafen och f\u00e4rjeavg\u00e5ng till Trelleborg kl. 22.30. Inackordering i utsides dubbelhytter med f\u00f6nster.<\/p>\n<\/div>\n\n\n\n<div class=\"wp-block-column is-layout-flow wp-block-column-is-layout-flow\">\n<figure class=\"wp-block-image size-large\"><img loading=\"lazy\" decoding=\"async\" width=\"768\" height=\"1024\" src=\"https:\/\/lgtravel.se\/wp-content\/uploads\/2020\/11\/teplice-835692_1920_b800-768x1024.jpg\" alt=\"jugendfasad\" class=\"wp-image-6473\" srcset=\"https:\/\/lgtravel.se\/wp-content\/uploads\/2020\/11\/teplice-835692_1920_b800-768x1024.jpg 768w, https:\/\/lgtravel.se\/wp-content\/uploads\/2020\/11\/teplice-835692_1920_b800-225x300.jpg 225w, https:\/\/lgtravel.se\/wp-content\/uploads\/2020\/11\/teplice-835692_1920_b800.jpg 800w\" sizes=\"(max-width: 768px) 100vw, 768px\" \/><figcaption class=\"wp-element-caption\">Teplice, Tjeckien. Foto: <a href=\"https:\/\/pixabay.com\/sv\/users\/wikimediaimages-1185597\/?utm_source=link-attribution&amp;utm_medium=referral&amp;utm_campaign=image&amp;utm_content=835692\">WikimediaImages<\/a> fr\u00e5n <a href=\"https:\/\/pixabay.com\/sv\/?utm_source=link-attribution&amp;utm_medium=referral&amp;utm_campaign=image&amp;utm_content=835692\">Pixabay<\/a><\/figcaption><\/figure>\n<\/div>\n<\/div>\n\n\n\n<h4 class=\"wp-block-heading\" id=\"dag-10\">Dag 10 | <\/h4>\n\n\n\n<h3 class=\"wp-block-heading\" id=\"ankomst-tidig-morgon-till-trelleborg\">Ankomst tidig morgon till Trelleborg<\/h3>\n\n\n\n<p>Ankomst till Trelleborg redan kl. 05.40, men man kan stanna ombord fram till kl. 07.30 och \u00e4ta sin frukost i lugn och ro.<\/p>\n\n\n\n<p>&nbsp;<\/p>\n\n\n\n<div class=\"wp-block-columns is-layout-flex wp-container-core-columns-is-layout-9d6595d7 wp-block-columns-is-layout-flex\">\n<div class=\"wp-block-column is-layout-flow wp-block-column-is-layout-flow\">\n<div class=\"wp-block-group has-background\" style=\"background-color:#f4f4f4\"><div class=\"wp-block-group__inner-container is-layout-flow wp-block-group-is-layout-flow\">\n<h2 class=\"wp-block-heading\" id=\"resan-i-korthet\">Resan i korthet<\/h2>\n\n\n\n<p><strong>Dag 1:<\/strong> Avresa fr\u00e5n Trelleborg.<\/p>\n\n\n\n<p><strong>Dag 2:<\/strong>&nbsp;Rostock\u2013Dresden\u2013B\u00f6hmiska Schweiz med t\u00e5g och buss. En natt p\u00e5 Zlata Lipa (****).<\/p>\n\n\n\n<p><strong>Dag 3:<\/strong> <em>Roadtrip<\/em> genom B\u00f6hmiska Schweiz och vidare till Prag. Tv\u00e5 n\u00e4tter p\u00e5 Falkensteiner Hotel Maria (****).<\/p>\n\n\n\n<p><strong>Dag 4:<\/strong> Prag.<\/p>\n\n\n\n<p><strong>Dag 5:<\/strong> Prag\u2013\u010cesk\u00e9 Bud\u011bjovice\u2013\u010cesk\u00fd Krumlov med t\u00e5g. Tv\u00e5 n\u00e4tter p\u00e5 Hotel U Mal\u00e9ho V\u00edtka.<\/p>\n\n\n\n<p><strong>Dag 6:<\/strong> \u010cesk\u00fd Krumlov.<\/p>\n\n\n\n<p><strong>Dag 7:<\/strong> \u010cesk\u00fd Krumlov\u2013Mari\u00e1nsk\u00e9 L\u00e1zn\u011b med t\u00e5g och buss. En natt p\u00e5 kurhotellet Palace Zvon (****).<\/p>\n\n\n\n<p><strong>Dag 8:<\/strong> \u00d6lspa samt <em>roadtrip<\/em> till Karlovy Vary och \u017datec. En natt p\u00e5 Hotel U Hada \u017datec (***).<\/p>\n\n\n\n<p><strong>Dag 9:<\/strong> \u017datec\u2013Rostock med t\u00e5g och vidare med nattf\u00e4rja.<\/p>\n\n\n\n<p><strong>Dag 10:<\/strong> Ankomst till Trelleborg.<\/p>\n\n\n\n<p><strong>Antal deltagare:<\/strong> minimum 12, maximum 20.<\/p>\n\n\n\n<p>&nbsp;<\/p>\n\n\n\n<h2 class=\"wp-block-heading\" id=\"praktisk-information\">Praktisk information<\/h2>\n\n\n\n<ul class=\"wp-block-list\">\n<li><a href=\"https:\/\/www.swedenabroad.se\/sv\/om-utlandet-f%C3%B6r-svenska-medborgare\/tjeckien\/reseinformation\/ambassadens-reseinformation\/\" target=\"_blank\" rel=\"noreferrer noopener\">UD:s reseinformation om resor till Tjeckien<\/a><\/li>\n\n\n\n<li><a href=\"https:\/\/www.worldstandards.eu\/electricity\/plug-voltage-by-country\/\" target=\"_blank\" rel=\"noreferrer noopener\">Elkontakter i Tjeckien<\/a><\/li>\n<\/ul>\n<\/div><\/div>\n<\/div>\n\n\n\n<div class=\"wp-block-column is-layout-flow wp-block-column-is-layout-flow\">\n<div class=\"wp-block-group has-background\" style=\"background-color:#f4f4f4\"><div class=\"wp-block-group__inner-container is-layout-flow wp-block-group-is-layout-flow\">\n<h2 class=\"wp-block-heading\" id=\"priser\">Priser<\/h2>\n\n\n\n<p><strong>Grundpris<\/strong> per person i dubbelrum: 18 200 SEK<br><strong>Enkelrums-\/enkelhyttstill\u00e4gg<\/strong> f\u00f6r nio n\u00e4tter 4 550 SEK<\/p>\n\n\n\n<h3 class=\"wp-block-heading\" id=\"i-grundpriset-ingar\">I grundpriset ing\u00e5r<\/h3>\n\n\n\n<ul class=\"wp-block-list\">\n<li>f\u00e4rje\u00f6verfarter med logi i utsides dubbelhytter<\/li>\n\n\n\n<li>t\u00e5gresor enligt program i f\u00f6rsta klass (utom mellan Cesky Krumlov och Prachatice som endast har andra klass)<\/li>\n\n\n\n<li>reserverade sittplatser p\u00e5 t\u00e5gen<\/li>\n\n\n\n<li>bussresor enligt program i modern helturistbuss med 45\u201350 platser (vissa korta transfers mellan hotell och j\u00e4rnv\u00e4gsstation kan dock ske med minibussar)<\/li>\n\n\n\n<li>sju hotell\u00f6vernattningar i dubbelrum med frukost enligt program<\/li>\n\n\n\n<li>tv\u00e5 \u00f6vernattningar p\u00e5 nattf\u00e4rja i utsides dubbelhytt med frukost inkluderad<\/li>\n\n\n\n<li>sex luncher och sex middagar<\/li>\n\n\n\n<li>entr\u00e9er och bes\u00f6k enligt program<\/li>\n\n\n\n<li>lokala skatter och avgifter samt EU-moms<\/li>\n\n\n\n<li>svensk reseledare fr\u00e5n LG Travel samt tjeckiska lokalguider under vissa bes\u00f6k.<\/li>\n<\/ul>\n\n\n\n<p>&nbsp;<\/p>\n\n\n\n<h2 class=\"wp-block-heading\" id=\"anmalan\">Anm\u00e4lan<\/h2>\n\n\n\n<p>Anm\u00e4lan kan g\u00f6ras till Limhamnsgruppen via webbformul\u00e4r (klicka p\u00e5 knappen <strong>KONTAKTA OSS<\/strong> nedan), e-post eller telefon.<\/p>\n<\/div><\/div>\n<\/div>\n<\/div>\n","protected":false},"excerpt":{"rendered":"<p>F\u00f6lj med p\u00e5 v\u00e5r veckol\u00e5nga njutarresa med t\u00e5g och l\u00e4ngs landsv\u00e4gar genom B\u00f6hmen. Efter nattf\u00e4rja fr\u00e5n Trelleborg v\u00e4ntar intercityt\u00e5gets f\u00f6rstaklasskomfort med f\u00e4rd till Dresden och till B\u00f6hmiska Schweiz i norra Tjeckien. T\u00e5gresor varvas med roadtrips genom de vackraste tjeckiska nejderna med Prag, sagostaden \u010cesk\u00fd Krumlov, \u00f6lspa i klassisk kurort och mycket annat samt uts\u00f6kta m\u00e5ltidsupplevelser &#8230; <a title=\"Tjeckiska fr\u00f6jder \u2013 v\u00e4llustiga skritt med t\u00e5g och buss genom B\u00f6hmen\" class=\"read-more\" href=\"https:\/\/lgtravel.se\/ru\/resor\/tjeckiska-frojder-vallustiga-skritt-med-tag-och-buss-genom-bohmen\/\" aria-label=\"\u041f\u0440\u043e\u0447\u0438\u0442\u0430\u0442\u044c \u0431\u043e\u043b\u044c\u0448\u0435 \u043e Tjeckiska fr\u00f6jder \u2013 v\u00e4llustiga skritt med t\u00e5g och buss genom B\u00f6hmen\">\u0427\u0438\u0442\u0430\u0442\u044c \u0434\u0430\u043b\u0435\u0435<\/a><\/p>\n","protected":false},"featured_media":6480,"parent":0,"template":"","categories":[98],"tags":[166],"class_list":["post-6418","resor","type-resor","status-publish","has-post-thumbnail","hentry","category-resor","tag-uppdateras"],"acf":[],"_links":{"self":[{"href":"https:\/\/lgtravel.se\/ru\/wp-json\/wp\/v2\/resor\/6418","targetHints":{"allow":["GET"]}}],"collection":[{"href":"https:\/\/lgtravel.se\/ru\/wp-json\/wp\/v2\/resor"}],"about":[{"href":"https:\/\/lgtravel.se\/ru\/wp-json\/wp\/v2\/types\/resor"}],"version-history":[{"count":0,"href":"https:\/\/lgtravel.se\/ru\/wp-json\/wp\/v2\/resor\/6418\/revisions"}],"wp:featuredmedia":[{"embeddable":true,"href":"https:\/\/lgtravel.se\/ru\/wp-json\/wp\/v2\/media\/6480"}],"wp:attachment":[{"href":"https:\/\/lgtravel.se\/ru\/wp-json\/wp\/v2\/media?parent=6418"}],"wp:term":[{"taxonomy":"category","embeddable":true,"href":"https:\/\/lgtravel.se\/ru\/wp-json\/wp\/v2\/categories?post=6418"},{"taxonomy":"post_tag","embeddable":true,"href":"https:\/\/lgtravel.se\/ru\/wp-json\/wp\/v2\/tags?post=6418"}],"curies":[{"name":"wp","href":"https:\/\/api.w.org\/{rel}","templated":true}]}}